{"id":1139,"date":"2018-05-07T14:19:52","date_gmt":"2018-05-07T12:19:52","guid":{"rendered":"http:\/\/ue9u1aifyl.preview.infomaniak.website\/?page_id=1139"},"modified":"2025-04-10T17:45:06","modified_gmt":"2025-04-10T15:45:06","slug":"biography","status":"publish","type":"page","link":"https:\/\/alexandrechristiaens.com\/en\/biography\/","title":{"rendered":"Biography"},"content":{"rendered":"\t\t<div data-elementor-type=\"wp-page\" data-elementor-id=\"1139\" class=\"elementor elementor-1139 elementor-59\" data-elementor-post-type=\"page\">\n\t\t\t\t<div class=\"elementor-element elementor-element-5430a75 e-flex e-con-boxed e-con e-parent\" data-id=\"5430a75\" data-element_type=\"container\">\n\t\t\t\t\t<div class=\"e-con-inner\">\n\t\t<div class=\"elementor-element elementor-element-edd1842 e-con-full e-flex e-con e-child\" data-id=\"edd1842\" data-element_type=\"container\">\n\t\t\t\t<div class=\"elementor-element elementor-element-dd8b26c elementor-widget elementor-widget-heading\" data-id=\"dd8b26c\" data-element_type=\"widget\" data-widget_type=\"heading.default\">\n\t\t\t\t<div class=\"elementor-widget-container\">\n\t\t\t\t\t<h1 class=\"elementor-heading-title elementor-size-default\">Biography<\/h1>\t\t\t\t<\/div>\n\t\t\t\t<\/div>\n\t\t\t\t<div class=\"elementor-element elementor-element-6f05e8b elementor-widget elementor-widget-text-editor\" data-id=\"6f05e8b\" data-element_type=\"widget\" data-widget_type=\"text-editor.default\">\n\t\t\t\t<div class=\"elementor-widget-container\">\n\t\t\t\t\t\t\t\t\t<div class=\"page\" title=\"Page 1\"><div class=\"layoutArea\"><div class=\"column\"><p>Alexandre Christiaens was born in Brussels in 1962<br \/>He lives and works in the village of Dave, near Namur in Belgium.<\/p><p>On sea and land, he has a number of photographic journeys (Gre\u0300ce, Inde, Chine, Russie, Estonie, Liban, Chili, &#8230;) and residencies to his name. Currently his work remains mainly applied to silver photography b &amp; w. In Belgium and abroad In Belgium and abroad he has led a number photography workshops and his work exhibited in solo and group exhibitions both in Belgium and abroad.<\/p><p class=\"p1\">His work has featured in a host of solo and group exhibitions, both in Belgium (Mus\u00e9e de la photographie de Charleroi, Centre d\u2019art contemporain du Luxembourg belge in Montauban, Espace Contretype in Brussels, Galerie Flux in Li\u00e8ge, Mus\u00e9e de la photographie and Gallery FIFTY ONE in Antwerp, etc.) and abroad (The\u00a0Valpara\u00edso International Photography Festival and Biennale d\u2019art contemporain SACO1.0. Contemporary Art Biennial in Antofogasta, Chile; Festival Itin\u00e9raires des photographes voyageurs in Bordeaux; Le Bleu du ciel gallery in Lyon; Centre r\u00e9gional de la photographie de Douchy-les-Mines and Centre r\u00e9gional de la photographie Nord-Pas-de-Calais in France; Museum Narodowe Szczecin in Poland; among others. His images are held in various public and private collections in Belgium (Service g\u00e9n\u00e9ral du patrimoine culturel, Mus\u00e9e de la Photographie de Charleroi, Space Collection \u00e0 Li\u00e8ge, Centre Culturel de Hasselt, etc.) and France (Biblioth\u00e8que Nationale Richelieu de Paris, Centre r\u00e9gional de la photographie Nord Pas-de-Calais, etc.). In addition, a number of individual and collective books on his work have been published (<i>Photobook Belge 1854 \u2013 Now<\/i>, Mus\u00e9e de la photographie d\u2019Anvers &amp; \u00c9ditions Hannibal, 2019, <i>La neige bient\u00f4t<\/i>, JPB \u00c9ditions #8, <i>Hunter Grill, <\/i>Origini edizioni Livourno maggio, 2017, <i>Estonia<\/i>, Les Impressions Nouvelles, 2016, <i>Eaux vives, peaux mortes<\/i>, \u00c9ditions Yellow Now, 2012, <i>En Mer. Voyages photographiques<\/i>, \u00c9ditions Chasse-mar\u00e9e &amp; Gl\u00e9nat, 2008, <i>Grotesques. Concr\u00e9tions et paysages<\/i>, les Brasseurs &amp; \u00c9ditions Parall\u00e8le, 2007&#8230; Currently, the Antwerp publisher Bruno Devos is preparing a monograph, <i>Une seule montagne<\/i>.<\/p><\/div><\/div><\/div>\t\t\t\t\t\t\t\t<\/div>\n\t\t\t\t<\/div>\n\t\t\t\t<\/div>\n\t\t\t\t\t<\/div>\n\t\t\t\t<\/div>\n\t\t<div class=\"elementor-element elementor-element-2aab0f9 e-flex e-con-boxed e-con e-parent\" data-id=\"2aab0f9\" data-element_type=\"container\">\n\t\t\t\t\t<div class=\"e-con-inner\">\n\t\t<div class=\"elementor-element elementor-element-43535a9 e-con-full e-flex e-con e-child\" data-id=\"43535a9\" data-element_type=\"container\">\n\t\t\t\t<div class=\"elementor-element elementor-element-4b39b64 elementor-widget elementor-widget-toggle\" data-id=\"4b39b64\" data-element_type=\"widget\" data-widget_type=\"toggle.default\">\n\t\t\t\t<div class=\"elementor-widget-container\">\n\t\t\t\t\t\t\t<div class=\"elementor-toggle\">\n\t\t\t\t\t\t\t<div class=\"elementor-toggle-item\">\n\t\t\t\t\t<div id=\"elementor-tab-title-7881\" class=\"elementor-tab-title\" data-tab=\"1\" role=\"button\" aria-controls=\"elementor-tab-content-7881\" aria-expanded=\"false\">\n\t\t\t\t\t\t\t\t\t\t\t\t<span class=\"elementor-toggle-icon elementor-toggle-icon-left\" aria-hidden=\"true\">\n\t\t\t\t\t\t\t\t\t\t\t\t\t\t\t<span class=\"elementor-toggle-icon-closed\"><i class=\"fas fa-plus\"><\/i><\/span>\n\t\t\t\t\t\t\t\t<span class=\"elementor-toggle-icon-opened\"><i class=\"elementor-toggle-icon-opened fas fa-minus\"><\/i><\/span>\n\t\t\t\t\t\t\t\t\t\t\t\t\t<\/span>\n\t\t\t\t\t\t\t\t\t\t\t\t<a class=\"elementor-toggle-title\" tabindex=\"0\">Photographic journeys and residencies<\/a>\n\t\t\t\t\t<\/div>\n\n\t\t\t\t\t<div id=\"elementor-tab-content-7881\" class=\"elementor-tab-content elementor-clearfix\" data-tab=\"1\" role=\"region\" aria-labelledby=\"elementor-tab-title-7881\"><p>2021<br \/>Photographic residency for the Valparaiso International Photography Festival FIFV &gt; <strong><a href=\"https:\/\/alexandrechristiaens.com\/en\/photographic-residency-at-valparaiso-festival-internacional-de-fotografia-de-valparaiso-fifv\/\">More informations<\/a><\/strong><br \/>2019<br \/>Photographic journey, Chile, April 2019<br \/>2017<br \/>Photographic journey, Lebanon, April 2017<br \/>2016<br \/>Photographic journey, Cyth\u00e8re, Greece, December 2016<br \/>2015<br \/>Photographic residency in Valparaiso, Chili. BsAs 824 Rodrigo Gomez Rovira. January 2015<br \/>2014<br \/>Photographic residency 3 in Tallinn, Estonia (Bilateral relations between Wallonie-Brussels Federation and Estonia), January 2014 &gt; <strong><a href=\"https:\/\/alexandrechristiaens.com\/en\/exhibition-estonia-at-contretype-center-for-contemporary-photography-brussels\/\">More informations<\/a><\/strong><br \/>2013<br \/>Photographic residency 2 in Tallinn,Estonia (Bilateral relations between Wallonie-Brussels Federation and Estonia), June 2013 &gt; <strong><a href=\"https:\/\/alexandrechristiaens.com\/en\/exhibition-estonia-at-contretype-center-for-contemporary-photography-brussels\/\">More informations<\/a><\/strong><br \/>2012<br \/>Photographic residency 1 in Tallinn, Estonia(Bilateral relations between Wallonie-Brussels Federation and Estonia), December 2012 &gt; <strong><a href=\"https:\/\/alexandrechristiaens.com\/en\/exhibition-estonia-at-contretype-center-for-contemporary-photography-brussels\/\">More informations<\/a><\/strong><br \/>Photographic journey, Istanbul, Turkey, May 2912<br \/>2011<br \/>Photographic journey, Vladivostok, Russia, February, march 2011<br \/>2009<br \/>Photographic residency, Choranche Cave, Aven d\u2019Orgniac Cave, France, November 2009<br \/>2008<br \/>Photographic residency, Clamouse Cave, Aniane, France, February 2008<br \/>Photographic journey, Mumbai, Gujarat, India, October, November 2008<br \/>2007<br \/>Photographic journey, Roumania, March, April 2007<br \/>2006<br \/>Photographic residency, L\u2019Ab\u00eeme Cave, Comblain-au-Pont. La merveilleuse Cave, Dinant, Belgium. D\u00e9cember 2007 to February 2007<br \/>Artist residency, Air Antwerpen, Antwerpen, Belgium, February 2006<br \/>2001<br \/>Residency, \u00ab Marines \u00bb. Center of photography, Douchy-les-Mines, Nord-Pas-de-Calais, France. September 2001 to February 2002<br \/>2000<br \/>Photographic journeys, Ostende, Calais, Dover, Southampton, Portsmouth, Isle of Wight, Opale Coast, Venice. April 2000 to December 2001<\/p><\/div>\n\t\t\t\t<\/div>\n\t\t\t\t\t\t\t<div class=\"elementor-toggle-item\">\n\t\t\t\t\t<div id=\"elementor-tab-title-7882\" class=\"elementor-tab-title\" data-tab=\"2\" role=\"button\" aria-controls=\"elementor-tab-content-7882\" aria-expanded=\"false\">\n\t\t\t\t\t\t\t\t\t\t\t\t<span class=\"elementor-toggle-icon elementor-toggle-icon-left\" aria-hidden=\"true\">\n\t\t\t\t\t\t\t\t\t\t\t\t\t\t\t<span class=\"elementor-toggle-icon-closed\"><i class=\"fas fa-plus\"><\/i><\/span>\n\t\t\t\t\t\t\t\t<span class=\"elementor-toggle-icon-opened\"><i class=\"elementor-toggle-icon-opened fas fa-minus\"><\/i><\/span>\n\t\t\t\t\t\t\t\t\t\t\t\t\t<\/span>\n\t\t\t\t\t\t\t\t\t\t\t\t<a class=\"elementor-toggle-title\" tabindex=\"0\">Teaching and Workshops<\/a>\n\t\t\t\t\t<\/div>\n\n\t\t\t\t\t<div id=\"elementor-tab-content-7882\" class=\"elementor-tab-content elementor-clearfix\" data-tab=\"2\" role=\"region\" aria-labelledby=\"elementor-tab-title-7882\"><p>2020 &#8211; 2021<\/p><ul><li>Photographic workshop on the theme Amor y Politica in the framework of the International Photography Festival of Valparaiso, Chile, in collaboration with Carla<br \/>Yovanne. &gt; <a href=\"https:\/\/alexandrechristiaens.com\/en\/workshop-amor-politica-fifv\/\"><strong>More information<\/strong><\/a><\/li><li>Photographic workshop \u201cBlack and white film and darkroom\u201d Theatre of Namur Regional Cultural Center \u00ab Ateliers \u2018Bis CEC \u00bb<\/li><li>Photographic workshop \u201cOut of the box\u201d, Urban pedagogy workshop, Brussels. Manager : Diane Hennebert<\/li><\/ul><p>2019-2020<\/p><ul><li>Photographic workshop \u201cBlack and white film and darkroom\u201d Theatre of Namur Regional Cultural Center \u00ab Ateliers \u2018Bis CEC \u00bb<\/li><li>Photographic workshop \u201cOut of the box\u201d, Urban pedagogy workshop, Brussels. Manager : Diane Hennebert, assistant : J\u00e9r\u00f4me Hubert<\/li><li>Photographic workskhop at Huy Cultural Center<\/li><\/ul><p>2018-2019<\/p><ul><li>Photographic workshop \u201cBlack and white film and darkroom\u201d Theatre of Namur Regional Cultural Center \u00ab Ateliers \u2018Bis CEC \u00bb<\/li><li>Photographic workshop \u201cOut of the box\u201d, Urban pedagogy workshop, Brussels. Manager : Diane Hennebert, assistant : J\u00e9r\u00f4me Hubert<\/li><\/ul><p>2017-2018<\/p><ul><li>Photographic workshop \u201cBlack and white film and darkroom\u201d Theatre of Namur Regional Cultural Center \u00ab Ateliers \u2018Bis CEC \u00bb<\/li><li>Photographic workshop \u201cOut of the box\u201d, Urban pedagogy workshop, Brussels. Manager : Diane Hennebert, assistant : J\u00e9r\u00f4me Hubert<\/li><\/ul><p class=\"p1\"><span class=\"s1\">2016-2017<\/span><span class=\"s1\"><br \/><\/span><\/p><ul><li class=\"p1\"><span class=\"s1\">Photographic workshop in residence. Alexandre Christiaens \/ Emmanuel De Meulemeester. Biennale de la photographie en Condroz, Marchin. August 2017<\/span><\/li><li class=\"p1\">Workshop ONE+ONE+\u00a0 Marcel Berlanger \/ Alexandre Christiaens from 1st to 3de of march 2017 in Theatre of Namur Regional Cultural Center<\/li><li class=\"p1\"><span class=\"s1\">Photographic workshop<\/span>\u00a0&#8220;Black and white film and darkroom&#8221; Theatre of Namur Regional Cultural Center \u00ab\u00a0Ateliers \u2018Bis CEC\u00a0\u00bb<\/li><li class=\"p1\"><span class=\"s2\"><span class=\"s1\">Photographic workshop &#8220;Out of the box&#8221;, Urban pedagogy workshop, Brussels. Manager : Diane Hennebert, assistant : J\u00e9r\u00f4me Hubert<\/span><br \/><\/span><\/li><\/ul><p class=\"p1\">2015-2016<\/p><ul><li class=\"p1\"><span class=\"s1\">Photographic workshop<\/span>\u00a0&#8220;Black and white film and darkroom&#8221; Theatre of Namur Regional Cultural Center \u00ab\u00a0Ateliers \u2018Bis CEC\u00a0\u00bb<\/li><li class=\"p1\">Photography teacher, black and white film and darkroom , Bloo, Lyon, France<\/li><li class=\"p1\"><span class=\"s1\">Photographic workshop<\/span>, <span class=\"s2\">AKDT, Libramont, Belgium. From<\/span>\u00a004th to 10th of july \u00ab<span class=\"s1\">\u00a0<em>\u00e0 partir de soi \u2013 \u00e0 partir de l\u00e0<\/em> \u00bb.<br \/><\/span><\/li><li class=\"p1\"><span class=\"s2\"><span class=\"s1\">Photographic workshop &#8220;Out of the box&#8221;, Urban pedagogy workshop, Brussels. Manager : Diane Hennebert, assistant : J\u00e9r\u00f4me Hubert<\/span><\/span><\/li><\/ul><p class=\"p1\"><span class=\"s1\">2014-2015<\/span><\/p><ul><li class=\"p1\"><span class=\"s1\">Photographic workshop<\/span>\u00a0&#8220;Black and white film\/darkroom&#8221; Theatre of Namur Regional Cultural Center \u00ab\u00a0Ateliers \u2018Bis CEC\u00a0\u00bb<\/li><li class=\"p1\">Photography teacher, black and white film and darkroom , Bloo, Lyon, France<\/li><li class=\"p1\"><span class=\"s1\">Photographic workshop<\/span>, <span class=\"s2\">AKDT, Libramont, Belgium. From<\/span>\u00a019th to 26th of july<span class=\"Apple-converted-space\">\u00a0 <\/span><span class=\"s1\">\u00ab\u00a0<em>relions, carnet de photographie<\/em> \u00bb. <\/span><\/li><\/ul><p>2013-2014<\/p><ul><li><span class=\"s1\">Photographic workshop<\/span>\u00a0&#8220;Black and white film and darkroom&#8221; Theatre of Namur Regional Cultural Center \u00ab\u00a0Ateliers \u2018Bis CEC\u00a0\u00bb<\/li><li><span class=\"s1\">Photographic workshop. Kinshasa Acadmy for fine arts. From 22th to 30th of september. In collaboration with AKDT, Wallonia-Brussels International. <\/span><\/li><li><span class=\"s1\">Photographic workshop. Kinshasa Acadmy for fine arts. From 27th of april to 07th of may. In collaboration with AKDT, Wallonia-Brussels International. <\/span><\/li><li><span class=\"s1\">Photographic workshop<\/span>, <span class=\"s2\">AKDT, Libramont, Belgium.<\/span><span class=\"s1\">\u00a0From 6th<\/span>\u00a0to 12th of july \u00ab<span class=\"s2\">\u00a0<em>Une semaine, un recueil photographique<\/em>\u00a0\u00bb.<\/span><\/li><li><span class=\"Apple-converted-space\">Photography teacher, black and white film and darkroom , Bloo, Lyon, France \u00a0<\/span><\/li><\/ul><p>2011-2012<\/p><ul><li><span class=\"s1\">Photographic workshop, Theatre of Namur Regional Cultural Center <\/span><\/li><li><span class=\"Apple-converted-space\">Photography teacher,<\/span>\u00a0Academy for fine arts, Masters 1&amp;2.<\/li><\/ul><p class=\"p1\">2008 -2009<\/p><ul><li class=\"p1\"><span class=\"s1\">Photographic workshop<\/span>\u00a0&#8220;Black and white film&#8221; for \u00ab\u00a03 pommes.org\u00bb<\/li><\/ul><\/div>\n\t\t\t\t<\/div>\n\t\t\t\t\t\t\t\t<\/div>\n\t\t\t\t\t\t<\/div>\n\t\t\t\t<\/div>\n\t\t\t\t<\/div>\n\t\t\t\t\t<\/div>\n\t\t\t\t<\/div>\n\t\t<div class=\"elementor-element elementor-element-705cca8 e-flex e-con-boxed e-con e-parent\" data-id=\"705cca8\" data-element_type=\"container\">\n\t\t\t\t\t<div class=\"e-con-inner\">\n\t\t<div class=\"elementor-element elementor-element-4b6ef93 e-con-full e-flex e-con e-child\" data-id=\"4b6ef93\" data-element_type=\"container\">\n\t\t\t\t<div class=\"elementor-element elementor-element-19d5f64 elementor-widget elementor-widget-heading\" data-id=\"19d5f64\" data-element_type=\"widget\" data-widget_type=\"heading.default\">\n\t\t\t\t<div class=\"elementor-widget-container\">\n\t\t\t\t\t<h2 class=\"elementor-heading-title elementor-size-default\">Exhibitions<\/h2>\t\t\t\t<\/div>\n\t\t\t\t<\/div>\n\t\t\t\t<div class=\"elementor-element elementor-element-af5fa3f elementor-widget elementor-widget-toggle\" data-id=\"af5fa3f\" data-element_type=\"widget\" data-widget_type=\"toggle.default\">\n\t\t\t\t<div class=\"elementor-widget-container\">\n\t\t\t\t\t\t\t<div class=\"elementor-toggle\">\n\t\t\t\t\t\t\t<div class=\"elementor-toggle-item\">\n\t\t\t\t\t<div id=\"elementor-tab-title-1831\" class=\"elementor-tab-title\" data-tab=\"1\" role=\"button\" aria-controls=\"elementor-tab-content-1831\" aria-expanded=\"false\">\n\t\t\t\t\t\t\t\t\t\t\t\t<span class=\"elementor-toggle-icon elementor-toggle-icon-left\" aria-hidden=\"true\">\n\t\t\t\t\t\t\t\t\t\t\t\t\t\t\t<span class=\"elementor-toggle-icon-closed\"><i class=\"fas fa-plus\"><\/i><\/span>\n\t\t\t\t\t\t\t\t<span class=\"elementor-toggle-icon-opened\"><i class=\"elementor-toggle-icon-opened fas fa-minus\"><\/i><\/span>\n\t\t\t\t\t\t\t\t\t\t\t\t\t<\/span>\n\t\t\t\t\t\t\t\t\t\t\t\t<a class=\"elementor-toggle-title\" tabindex=\"0\">Main solo exhibitions<\/a>\n\t\t\t\t\t<\/div>\n\n\t\t\t\t\t<div id=\"elementor-tab-content-1831\" class=\"elementor-tab-content elementor-clearfix\" data-tab=\"1\" role=\"region\" aria-labelledby=\"elementor-tab-title-1831\"><p><strong>2025<\/strong><\/p><p>\u2018S&#8217;enforester\u2019, Galerie Detour, Namur. From 08 January to 08 February 2025<\/p><p><strong>2022<br \/><\/strong>\u00ab D\u00e9serts de mers, Montagnes d\u2019eaux\u00bb, Flux Gallery. From february 18 to march 19 2022. <a href=\"https:\/\/alexandrechristiaens.com\/en\/deserts-de-mers-montagnes-deaux-exposition-galerie-flux\/\"><strong>More information<\/strong><\/a><\/p><p><strong>2021<br \/><\/strong>\u00ab UN NUEVO HABITAR \u00bb. Festival Internacional de Fotograf\u00eda de <em>Valpara\u00edso FIFV<\/em> (FIFV). Du 25 au 30 octobre 2021. <strong><a href=\"https:\/\/alexandrechristiaens.com\/en\/fifv-2021\/\">More information<\/a><br \/><\/strong>Festival de Arte Contempor\u00e1neo SACO 1.0, Antofagasta, Chile From septembre 30 to\u00a0 december 15 2021.<strong><a href=\"https:\/\/alexandrechristiaens.com\/en\/saco-biennial-of-contemporary-art-of-antofagasta-chile\/\"> More information<\/a><\/strong><\/p><p class=\"p2\"><span class=\"s1\"><b>2017<br \/><\/b><i>R\u00e9seau Cristallin<\/i><\/span> &gt; Charleroi Photography Museum (BE) &gt; <strong><a href=\"https:\/\/alexandrechristiaens.com\/en\/reseau-cristallin-musee-de-la-photographie-charleroi\/\">More informations<\/a><\/strong><br \/><span class=\"s1\"><i>R\u00eaver<\/i><\/span> &gt; 8th<span class=\"Apple-converted-space\">\u00a0 <\/span>Photography Biennial, Condroz, Marchin (BE)<\/p><p class=\"p2\"><span class=\"s1\"><b>2016<br \/><\/b><\/span><span class=\"s1\"><i>Balises<\/i><\/span> &gt; 51st St Martin Festival, Tourinnes-la-Grosse (BE) &gt; Curated by Anne Dejaivfe<br \/><span class=\"s1\"><i>Estonia<\/i><\/span> &gt; Contretype, Center for contemporary photography, Brussels, Brussels (BE) &gt; Texts by Carl Havelange &gt; <strong><a href=\"https:\/\/alexandrechristiaens.com\/en\/exhibition-estonia-at-contretype-center-for-contemporary-photography-brussels\/\">More informations<\/a><\/strong><br \/><span class=\"s1\"><i>Entre-l\u00e0<\/i><\/span> &gt; Fondation Bolly-Charlier, Juvenal Gallery, Huy (BE) &gt;<span class=\"Apple-converted-space\">\u00a0 <\/span>with Roby Comblain<\/p><p class=\"p2\"><span class=\"s1\"><b>2015<br \/><\/b><\/span><span class=\"s1\"><i>Fotofever Art Fair<\/i><\/span> &gt; Paris Photo, Le Carrousel du Louvre, Paris (FR) &gt; with Anima Ludens<br \/><span class=\"s1\"><i>Le parti du monde<\/i><\/span> &gt; Abattoirs de Bomel Cultural Centre, Namur (BE) &gt; Curated by Fran\u00e7ois de Coninck<\/p><p class=\"p2\"><span class=\"s1\"><b>2014<br \/><\/b><\/span><span class=\"s1\"><i>Gibraltar<\/i><\/span> &gt; Le Botanique, Brussels (BE) &gt; Curated by Emmanuel d\u2019Autreppe<\/p><p class=\"p2\"><span class=\"s1\"><b>2013<\/b><\/span><br \/><span class=\"s1\"><i>Noir Atlantique <\/i><\/span>&gt; Sail away, Brussels (BE)<br \/><span class=\"s1\"><i>Eaux vives, peaux mortes<\/i><\/span> &gt; Le bleu du ciel Gallery, Lyon (FR) &gt; with Christian Lutz Tropical Gift as part of Les R\u00e9sonnances, the Lyon Contemporary Art Biennial<\/p><p class=\"p2\"><span class=\"s1\"><b>2012<br \/><\/b><\/span><span class=\"s1\"><i>Solo show<\/i><\/span> &gt; Anversville, Ghent (BE) &gt; As part of Art Gent<br \/><span class=\"s1\"><i>Eaux vives, peaux mortes<\/i><\/span> &gt; Livre aux tr\u00e9sors bookshop, Li\u00e8ge (BE) &gt; Meeting with Vinciane Despret<\/p><p class=\"p2\"><span class=\"s1\"><b>2011<br \/><\/b><\/span><span class=\"s1\"><i>Eaux vives, peaux mortes<\/i><\/span> &gt; Espace Photographique Contretype, Brussels (BE)<br \/><span class=\"s1\"><i>Galaxy<\/i><\/span> &gt; Anversville, Ghent (BE)<\/p><p class=\"p2\"><span class=\"s1\"><b>2009<br \/><\/b><\/span><span class=\"s1\"><i>Post-it zones<\/i><\/span> &gt; Gallery Rossi contemporary, Brussels (BE)<br \/><span class=\"s1\"><i>Paysages de Mers <\/i><\/span>&gt; Annie Pattyn Gallery, Oostduinkerke (BE)<\/p><p class=\"p2\"><span class=\"s1\"><b>2008<\/b><\/span><br \/><span class=\"s1\"><i>Grotesques<\/i><\/span>, <span class=\"s1\"><i>concr\u00e9tions et paysages<\/i><\/span> &gt; at the Placard \u00e0 balais, Li\u00e8ge (BE) &gt; Curated by Carl Havelange<\/p><p class=\"p2\"><span class=\"s1\"><b>2007<br \/><\/b><\/span>G<span class=\"s1\"><i>rotesques, concr\u00e9tions et paysages<\/i><\/span> &gt; Les Brasseurs, Li\u00e8ge (BE) &gt; with Pierre Toby<br \/><span class=\"s1\"><i>Alexandre Christiaens<\/i><\/span> &gt; The Hasselt Cultural Centre, Hasselt (BE) &gt; with Jean-Fran\u00e7ois Spricigo<\/p><p class=\"p2\"><span class=\"s1\"><b>2006<br \/><\/b><\/span><span class=\"s1\"><i>Escales<\/i><\/span> &gt; Th\u00e9\u00e2tre Royal, Namur (BE) &gt; Curated by Jean-Marc Bodson<\/p><p class=\"p2\"><span class=\"s1\"><b>2002<br \/><\/b><\/span><span class=\"s1\"><i>Marines<\/i><\/span> &gt; Boendael Chapel, Ixelles (BE)<\/p><div id=\"ConnectiveDocSignExtentionInstalled\" data-extension-version=\"1.0.4\">\u00a0<\/div><\/div>\n\t\t\t\t<\/div>\n\t\t\t\t\t\t\t<div class=\"elementor-toggle-item\">\n\t\t\t\t\t<div id=\"elementor-tab-title-1832\" class=\"elementor-tab-title\" data-tab=\"2\" role=\"button\" aria-controls=\"elementor-tab-content-1832\" aria-expanded=\"false\">\n\t\t\t\t\t\t\t\t\t\t\t\t<span class=\"elementor-toggle-icon elementor-toggle-icon-left\" aria-hidden=\"true\">\n\t\t\t\t\t\t\t\t\t\t\t\t\t\t\t<span class=\"elementor-toggle-icon-closed\"><i class=\"fas fa-plus\"><\/i><\/span>\n\t\t\t\t\t\t\t\t<span class=\"elementor-toggle-icon-opened\"><i class=\"elementor-toggle-icon-opened fas fa-minus\"><\/i><\/span>\n\t\t\t\t\t\t\t\t\t\t\t\t\t<\/span>\n\t\t\t\t\t\t\t\t\t\t\t\t<a class=\"elementor-toggle-title\" tabindex=\"0\">Main group exhibitions<\/a>\n\t\t\t\t\t<\/div>\n\n\t\t\t\t\t<div id=\"elementor-tab-content-1832\" class=\"elementor-tab-content elementor-clearfix\" data-tab=\"2\" role=\"region\" aria-labelledby=\"elementor-tab-title-1832\"><p><strong>2025<\/strong><\/p><ul><li>\u2018Bienal SACO 1.2\u2019, Antofogasta, Chile. From 19 June to October 2025 ( With Wallonie-Bruxelles International)<\/li><li>\u201813th Photography Biennial\u2019, Manufacture du Tapis Point de Sedan, Sedan. From 15 June to 27 July 2025<\/li><li>\u2018L&#8217;Ev\u00e9nement photographique #3 \/ 2025, H2O entre Charybde et Scylla\u2019, Nouvel Observatoire Photographique du Grand Est, Nancy. From 25 April to 18 May 2025<\/li><\/ul><p><strong>2024<\/strong><\/p><ul><li>\u2018Noir Oc\u00e9an\u2019, Carte blanche dedicated to Marie-H\u00e9l\u00e8ne Joiret, La Ch\u00e2taigneraie, Fl\u00e9malle, May to July 2024<\/li><li>\u2018Apr\u00e8s la pluie\u2019, Professional meeting, F\u00e9d\u00e9ration Wallonie-Bruxelles. Arles, 02 July 2024<\/li><li><em>\u00ab <\/em>Notre mer\u00bb, Fifty One, Antwerpen. From 16\/05 to 13\/07 2024. <a href=\"https:\/\/www.gallery51.com\/exhibition\/notre-mer\/\" target=\"_blank\" rel=\"noopener\">More info<\/a><\/li><\/ul><p><strong>2023<\/strong><\/p><p class=\"elementor-heading-title elementor-size-default\">Itin\u00e9raires des photographes voyageurs \u2013 Bordeaux. From 5 to 30 april 2023. <a href=\"https:\/\/alexandrechristiaens.com\/en\/exhibition-at-the-32nd-edition-of-the-itineraires-des-photographes-voyageurs-bordeaux-from-5-to-30-april-2023\/\">More info<\/a><\/p><p><strong>2022<br \/><\/strong>&#8211; <em>\u00ab\u00a0<\/em>Solar Plexus &#8211; Istanbul Sessions\u00bb, Contretype, from 17 november 2022 to 15 january 2023. With Thomas CHABLE, Fran\u00e7ois GOFFIN et Philippe HERBET. Curated by <span class=\"x193iq5w xeuugli x13faqbe x1vvkbs xlh3980 xvmahel x1n0sxbx x1lliihq x1s928wv xhkezso x1gmr53x x1cpjm7i x1fgarty x1943h6x xudqn12 x3x7a5m x6prxxf xvq8zen xo1l8bm xzsf02u x1yc453h\" dir=\"auto\">Christine Bluard<\/span>.<br \/>&#8211; <em>\u00ab\u00a0<\/em>Valparaiso<em>\u00a0\u00bb<\/em>, Contretype, from 29 september to 6 november 2022. With Julia TORO (Chili) and Mat JACOB (France). Curated byRodrigo G\u00d3MEZ ROVIRA (Chili)<\/p><p><strong><em>2021<br \/><\/em><\/strong><em>&#8211; \u00ab\u00a0<\/em>Valparaiso\u00a0\u00bb,\u00a0FIFV<em>, <\/em>Valparaiso International Photography Festival, Chile, october to december 2021.<br \/>&#8211; \u00ab\u00a0Aluvion<em>\u00a0\u00bb<\/em>, Saco, Bienal de Arte Contempor\u00e1neo Antofagasta Chile, september to december 2021.<\/p><p><strong>2019<\/strong><br \/><em>R\u00eaver<\/em>. Centre Wallonie-Bruxelles, Paris. From march 13 to mai 19 at . <a href=\"https:\/\/www.cwb.fr\/agenda\/rever?fbclid=IwAR3kopzi9g0VG0PP2rb17crtabwI9SutEWvp-3HA5A1SAhrGmQhMNjcfL-k\" target=\"_blank\" rel=\"noopener noreferrer\">More information (french)<\/a><br \/><em>L\u2019Ab\u00eeme du temps<\/em>. Karreveld Castle, Molenbeek-Saint-Jean. From march 22 to april 14. <a href=\"https:\/\/alexandrechristiaens.com\/wp-content\/uploads\/2019\/03\/abimedutemps_affiche_a3_low.pdf\">More information (french)<\/a><\/p><p><strong>2018<\/strong><br \/><span class=\"s1\"><em>Indicible topographie<\/em>.\u00a0With Aur\u00e9lie Amiot, Roby Comblain, C\u00e9lestin Pierret and Laurent Schoonvaere.\u00a0<\/span>Centre d\u2019Art Contemporain du Luxembourg Belge, Montauban-Buzenol. September to october 2018<br \/><span class=\"s1\"><em>Solid solutions<\/em>. With Rafael Monzo, Trees De Mits, Kevin Vanwonterghem and Lieven Herreman.\u00a0<\/span>44 Gallery. June to july 2018<\/p><p class=\"p1\"><span class=\"s1\"><b>2016<br \/><\/b><\/span><span class=\"s1\"><i>Manifestations<\/i><\/span> &gt; CRP, Douchy \u2013les- Mines (FR) &gt; Curated by Muriel Enjalran<\/p><p class=\"p1\"><span class=\"s1\"><b>2015<br \/><\/b><\/span><span class=\"s1\"><i>Troubled Water. From Aesthetics to the global economy<\/i><\/span> &gt; Narodowe Museum, Szczecin (PL) &gt; Curated by Marlena Chybowska-Butler &amp; Emmanuel d\u2019Autreppe<br \/><span class=\"s1\"><i>Voir Venir. Angles vifs, dix ans Edition Yellow now<\/i><\/span> &gt; Le Botanique, Brussels (BE) &gt; Curated by Emmanuel d\u2019Autreppe<br \/><span class=\"s1\"><i>Handle with care<\/i><\/span> &gt; OSTRALE 015, Dresden, Germany. July \u2013 September 2015<br \/><span class=\"s1\"><i>PIXELS of PARADISE<\/i><\/span> &gt; Wallonia-Brussels Centre, Paris, France. January to March 2015<\/p><p class=\"p1\"><span class=\"s1\"><b>2014<br \/><\/b><\/span><span class=\"s1\"><i>Bouteilles \u00e0 la mer<\/i><\/span> &gt; Hasselt Cultural Centre, Hasselt (BE) &gt; Curated by Emmanuel d\u2019Autreppe<br \/><span class=\"s1\"><i>Dites-moi m\u2019sieur, faites que je sois un oiseau<\/i><\/span> &gt; Marchin Cultural Centre, Marchin (BE) &gt; Curated by Pierre Mossoux<br \/><span class=\"s1\"><i>PIXELS of PARADISE<\/i><\/span> &gt; 9th International Photography and Visual Arts Biennial, Li\u00e8ge (BE)<br \/><span class=\"s1\"><i>Chambre avec vue<\/i><\/span> &gt; <span class=\"s1\"><i>les horreurs de bureau<\/i><\/span> &gt; Dave (BE) &gt; with Fran\u00e7ois de coninck, Roby Comblain and S\u00e9lim Christiaens<\/p><p class=\"p1\"><span class=\"s1\"><b>2013<br \/><\/b><\/span><span class=\"s1\"><i>Faisons \u2026 avant de lui dire adieu<\/i><\/span> &gt; Le MAMAC ferme ses portes, Li\u00e8ge (BE)<br \/><span class=\"s1\"><i>Slick Brussels<\/i><\/span> &gt; Anversville, Brussels (BE)<br \/><span class=\"s1\"><i>Bouteilles \u00e0 la mer<\/i><\/span> &gt; La Ch\u00e2taigneraie \u2013 Wallon Centre for Contemporary Art and the Marchin Cultural Centre (BE) &gt; Curated by Emmanuel d\u2019Autreppe 2012 BIP &gt; off &gt; S P A C E collecting, Li\u00e8ge (BE)<br \/><span class=\"s1\"><i>Multiple(s) Choice<\/i><\/span> &gt; Anversville, Ghent (BE)<\/p><p class=\"p1\"><span class=\"s1\"><b>2011<br \/><\/b><\/span><span class=\"s1\"><i>EXIT 11 <\/i><\/span>&gt; Exit Gallery, Grand-Leez (BE) &gt; Curated by Beno\u00eet F\u00e9lix<\/p><p class=\"p1\"><span class=\"s1\"><b>2010<br \/><\/b><\/span><span class=\"s1\"><i>Entre chien et loup<\/i><\/span> &gt; Les Brasseurs, De Markten, Flemish Cultural Centre, Brussels (BE) &gt; Curated by Dominique Mathieu<br \/><span class=\"s1\"><i>RTBF &#8211; Canvas collectie<\/i><\/span> &gt; BOZAR, Brussels (BE)<\/p><div id=\"ConnectiveDocSignExtentionInstalled\" data-extension-version=\"1.0.4\">\u00a0<\/div><\/div>\n\t\t\t\t<\/div>\n\t\t\t\t\t\t\t\t<\/div>\n\t\t\t\t\t\t<\/div>\n\t\t\t\t<\/div>\n\t\t\t\t<div class=\"elementor-element elementor-element-15cac36 elementor-widget__width-initial elementor-widget elementor-widget-video\" data-id=\"15cac36\" data-element_type=\"widget\" data-settings=\"{&quot;video_type&quot;:&quot;vimeo&quot;}\" data-widget_type=\"video.default\">\n\t\t\t\t<div class=\"elementor-widget-container\">\n\t\t\t\t\t\t\t<div class=\"elementor-wrapper elementor-open-inline\">\n\t\t\t<iframe class=\"elementor-video-iframe\" allowfullscreen allow=\"clipboard-write\" title=\"vimeo Video Player\" src=\"https:\/\/player.vimeo.com\/video\/248454816?color&amp;autopause=0&amp;loop=0&amp;muted=0&amp;title=1&amp;portrait=1&amp;byline=1#t=\"><\/iframe>\t\t<\/div>\n\t\t\t\t\t\t<\/div>\n\t\t\t\t<\/div>\n\t\t\t\t<div class=\"elementor-element elementor-element-c8ab7ea elementor-widget elementor-widget-gallery\" data-id=\"c8ab7ea\" data-element_type=\"widget\" data-settings=\"{&quot;gallery_layout&quot;:&quot;masonry&quot;,&quot;lazyload&quot;:&quot;yes&quot;,&quot;columns&quot;:4,&quot;columns_tablet&quot;:2,&quot;columns_mobile&quot;:1,&quot;gap&quot;:{&quot;unit&quot;:&quot;px&quot;,&quot;size&quot;:10,&quot;sizes&quot;:[]},&quot;gap_tablet&quot;:{&quot;unit&quot;:&quot;px&quot;,&quot;size&quot;:10,&quot;sizes&quot;:[]},&quot;gap_mobile&quot;:{&quot;unit&quot;:&quot;px&quot;,&quot;size&quot;:10,&quot;sizes&quot;:[]},&quot;link_to&quot;:&quot;file&quot;,&quot;overlay_background&quot;:&quot;yes&quot;,&quot;content_hover_animation&quot;:&quot;fade-in&quot;}\" data-widget_type=\"gallery.default\">\n\t\t\t\t<div class=\"elementor-widget-container\">\n\t\t\t\t\t\t\t<div class=\"elementor-gallery__container\">\n\t\t\t\t\t\t\t<a class=\"e-gallery-item elementor-gallery-item elementor-animated-content\" href=\"https:\/\/alexandrechristiaens.com\/wp-content\/uploads\/2019\/06\/5-reseau-cristallin-musee-de-la-photographie-de-charleroi-be-2017.jpg\" data-elementor-open-lightbox=\"yes\" data-elementor-lightbox-slideshow=\"c8ab7ea\" data-elementor-lightbox-description=\"R\u00e9seau cristallin, Mus\u00e9e de la Photographie, Charleroi, 2017 \u00a9 Alexandre Christiaens\" data-e-action-hash=\"#elementor-action%3Aaction%3Dlightbox%26settings%3DeyJpZCI6MTU2OSwidXJsIjoiaHR0cHM6XC9cL2FsZXhhbmRyZWNocmlzdGlhZW5zLmNvbVwvd3AtY29udGVudFwvdXBsb2Fkc1wvMjAxOVwvMDZcLzUtcmVzZWF1LWNyaXN0YWxsaW4tbXVzZWUtZGUtbGEtcGhvdG9ncmFwaGllLWRlLWNoYXJsZXJvaS1iZS0yMDE3LmpwZyIsInNsaWRlc2hvdyI6ImM4YWI3ZWEifQ%3D%3D\">\n\t\t\t\t\t<div class=\"e-gallery-image elementor-gallery-item__image\" data-thumbnail=\"https:\/\/alexandrechristiaens.com\/wp-content\/uploads\/2019\/06\/5-reseau-cristallin-musee-de-la-photographie-de-charleroi-be-2017-1024x577.jpg\" data-width=\"1024\" data-height=\"577\" aria-label=\"\" role=\"img\" ><\/div>\n\t\t\t\t\t\t\t\t\t\t\t<div class=\"elementor-gallery-item__overlay\"><\/div>\n\t\t\t\t\t\t\t\t\t\t\t\t\t\t<\/a>\n\t\t\t\t\t\t\t<a class=\"e-gallery-item elementor-gallery-item elementor-animated-content\" href=\"https:\/\/alexandrechristiaens.com\/wp-content\/uploads\/2019\/06\/1-eaux-vives-peaux-mortes-galerie-le-bleu-du-ciel_lyon.fr-_2013.jpg\" data-elementor-open-lightbox=\"yes\" data-elementor-lightbox-slideshow=\"c8ab7ea\" data-elementor-lightbox-description=\"eaux vives, peaux mortes, Galerie Le bleu du ciel, Lyon, 2013 \u00a9 Alexandre Christiaens\" data-e-action-hash=\"#elementor-action%3Aaction%3Dlightbox%26settings%3DeyJpZCI6MTUyMSwidXJsIjoiaHR0cHM6XC9cL2FsZXhhbmRyZWNocmlzdGlhZW5zLmNvbVwvd3AtY29udGVudFwvdXBsb2Fkc1wvMjAxOVwvMDZcLzEtZWF1eC12aXZlcy1wZWF1eC1tb3J0ZXMtZ2FsZXJpZS1sZS1ibGV1LWR1LWNpZWxfbHlvbi5mci1fMjAxMy5qcGciLCJzbGlkZXNob3ciOiJjOGFiN2VhIn0%3D\">\n\t\t\t\t\t<div class=\"e-gallery-image elementor-gallery-item__image\" data-thumbnail=\"https:\/\/alexandrechristiaens.com\/wp-content\/uploads\/2019\/06\/1-eaux-vives-peaux-mortes-galerie-le-bleu-du-ciel_lyon.fr-_2013-1024x683.jpg\" data-width=\"1024\" data-height=\"683\" aria-label=\"\" role=\"img\" ><\/div>\n\t\t\t\t\t\t\t\t\t\t\t<div class=\"elementor-gallery-item__overlay\"><\/div>\n\t\t\t\t\t\t\t\t\t\t\t\t\t\t<\/a>\n\t\t\t\t\t\t\t<a class=\"e-gallery-item elementor-gallery-item elementor-animated-content\" href=\"https:\/\/alexandrechristiaens.com\/wp-content\/uploads\/2019\/06\/1-escales-grand-manege-theatre-royal-de-namur_be_2006.jpg\" data-elementor-open-lightbox=\"yes\" data-elementor-lightbox-slideshow=\"c8ab7ea\" data-elementor-lightbox-description=\"Escales, Grand man\u00e8ge, Th\u00e9\u00e2tre royal de Namur, 2006 \u00a9 Alexandre Christiaens\" data-e-action-hash=\"#elementor-action%3Aaction%3Dlightbox%26settings%3DeyJpZCI6MTUyNSwidXJsIjoiaHR0cHM6XC9cL2FsZXhhbmRyZWNocmlzdGlhZW5zLmNvbVwvd3AtY29udGVudFwvdXBsb2Fkc1wvMjAxOVwvMDZcLzEtZXNjYWxlcy1ncmFuZC1tYW5lZ2UtdGhlYXRyZS1yb3lhbC1kZS1uYW11cl9iZV8yMDA2LmpwZyIsInNsaWRlc2hvdyI6ImM4YWI3ZWEifQ%3D%3D\">\n\t\t\t\t\t<div class=\"e-gallery-image elementor-gallery-item__image\" data-thumbnail=\"https:\/\/alexandrechristiaens.com\/wp-content\/uploads\/2019\/06\/1-escales-grand-manege-theatre-royal-de-namur_be_2006-1024x689.jpg\" data-width=\"1024\" data-height=\"689\" aria-label=\"\" role=\"img\" ><\/div>\n\t\t\t\t\t\t\t\t\t\t\t<div class=\"elementor-gallery-item__overlay\"><\/div>\n\t\t\t\t\t\t\t\t\t\t\t\t\t\t<\/a>\n\t\t\t\t\t\t\t<a class=\"e-gallery-item elementor-gallery-item elementor-animated-content\" href=\"https:\/\/alexandrechristiaens.com\/wp-content\/uploads\/2019\/06\/3-indicible-topographie-centre-dart-contemporain-du-luxembourg-belge_2018.jpg\" data-elementor-open-lightbox=\"yes\" data-elementor-lightbox-slideshow=\"c8ab7ea\" data-elementor-lightbox-description=\"Indicible topographie, Centre d&#039;art contemporain du Luxembourg belge, 2018 \u00a9 Alexandre Christiaens\" data-e-action-hash=\"#elementor-action%3Aaction%3Dlightbox%26settings%3DeyJpZCI6MTU1OSwidXJsIjoiaHR0cHM6XC9cL2FsZXhhbmRyZWNocmlzdGlhZW5zLmNvbVwvd3AtY29udGVudFwvdXBsb2Fkc1wvMjAxOVwvMDZcLzMtaW5kaWNpYmxlLXRvcG9ncmFwaGllLWNlbnRyZS1kYXJ0LWNvbnRlbXBvcmFpbi1kdS1sdXhlbWJvdXJnLWJlbGdlXzIwMTguanBnIiwic2xpZGVzaG93IjoiYzhhYjdlYSJ9\">\n\t\t\t\t\t<div class=\"e-gallery-image elementor-gallery-item__image\" data-thumbnail=\"https:\/\/alexandrechristiaens.com\/wp-content\/uploads\/2019\/06\/3-indicible-topographie-centre-dart-contemporain-du-luxembourg-belge_2018-768x1024.jpg\" data-width=\"768\" data-height=\"1024\" aria-label=\"\" role=\"img\" ><\/div>\n\t\t\t\t\t\t\t\t\t\t\t<div class=\"elementor-gallery-item__overlay\"><\/div>\n\t\t\t\t\t\t\t\t\t\t\t\t\t\t<\/a>\n\t\t\t\t\t\t\t<a class=\"e-gallery-item elementor-gallery-item elementor-animated-content\" href=\"https:\/\/alexandrechristiaens.com\/wp-content\/uploads\/2019\/06\/2-indicible-topographie-centre-dart-contemporain-du-luxembourg-belge_2018.jpg\" data-elementor-open-lightbox=\"yes\" data-elementor-lightbox-slideshow=\"c8ab7ea\" data-elementor-lightbox-description=\"Indicible topographie, Centre d&#039;art contemporain du Luxembourg belge, 2018 \u00a9 Alexandre Christiaens\" data-e-action-hash=\"#elementor-action%3Aaction%3Dlightbox%26settings%3DeyJpZCI6MTU0OSwidXJsIjoiaHR0cHM6XC9cL2FsZXhhbmRyZWNocmlzdGlhZW5zLmNvbVwvd3AtY29udGVudFwvdXBsb2Fkc1wvMjAxOVwvMDZcLzItaW5kaWNpYmxlLXRvcG9ncmFwaGllLWNlbnRyZS1kYXJ0LWNvbnRlbXBvcmFpbi1kdS1sdXhlbWJvdXJnLWJlbGdlXzIwMTguanBnIiwic2xpZGVzaG93IjoiYzhhYjdlYSJ9\">\n\t\t\t\t\t<div class=\"e-gallery-image elementor-gallery-item__image\" data-thumbnail=\"https:\/\/alexandrechristiaens.com\/wp-content\/uploads\/2019\/06\/2-indicible-topographie-centre-dart-contemporain-du-luxembourg-belge_2018-1024x768.jpg\" data-width=\"1024\" data-height=\"768\" aria-label=\"\" role=\"img\" ><\/div>\n\t\t\t\t\t\t\t\t\t\t\t<div class=\"elementor-gallery-item__overlay\"><\/div>\n\t\t\t\t\t\t\t\t\t\t\t\t\t\t<\/a>\n\t\t\t\t\t\t\t<a class=\"e-gallery-item elementor-gallery-item elementor-animated-content\" href=\"https:\/\/alexandrechristiaens.com\/wp-content\/uploads\/2019\/06\/3-escales-grand-manege-theatre-royal-de-namur_be_2006.jpg\" data-elementor-open-lightbox=\"yes\" data-elementor-lightbox-slideshow=\"c8ab7ea\" data-elementor-lightbox-description=\"Escales, Grand man\u00e8ge, Th\u00e9\u00e2tre royal de Namur, 2006 \u00a9 Alexandre Christiaens\" data-e-action-hash=\"#elementor-action%3Aaction%3Dlightbox%26settings%3DeyJpZCI6MTU1MywidXJsIjoiaHR0cHM6XC9cL2FsZXhhbmRyZWNocmlzdGlhZW5zLmNvbVwvd3AtY29udGVudFwvdXBsb2Fkc1wvMjAxOVwvMDZcLzMtZXNjYWxlcy1ncmFuZC1tYW5lZ2UtdGhlYXRyZS1yb3lhbC1kZS1uYW11cl9iZV8yMDA2LmpwZyIsInNsaWRlc2hvdyI6ImM4YWI3ZWEifQ%3D%3D\">\n\t\t\t\t\t<div class=\"e-gallery-image elementor-gallery-item__image\" data-thumbnail=\"https:\/\/alexandrechristiaens.com\/wp-content\/uploads\/2019\/06\/3-escales-grand-manege-theatre-royal-de-namur_be_2006-1024x689.jpg\" data-width=\"1024\" data-height=\"689\" aria-label=\"\" role=\"img\" ><\/div>\n\t\t\t\t\t\t\t\t\t\t\t<div class=\"elementor-gallery-item__overlay\"><\/div>\n\t\t\t\t\t\t\t\t\t\t\t\t\t\t<\/a>\n\t\t\t\t\t\t\t<a class=\"e-gallery-item elementor-gallery-item elementor-animated-content\" href=\"https:\/\/alexandrechristiaens.com\/wp-content\/uploads\/2019\/06\/2-reseau-cristallin-musee-de-la-photographie-de-charleroi-be-2017.jpg\" data-elementor-open-lightbox=\"yes\" data-elementor-lightbox-slideshow=\"c8ab7ea\" data-elementor-lightbox-description=\"R\u00e9seau cristallin, Mus\u00e9e de la Photographie, Charleroi, 2017 \u00a9 Alexandre Christiaens\" data-e-action-hash=\"#elementor-action%3Aaction%3Dlightbox%26settings%3DeyJpZCI6MTU0MywidXJsIjoiaHR0cHM6XC9cL2FsZXhhbmRyZWNocmlzdGlhZW5zLmNvbVwvd3AtY29udGVudFwvdXBsb2Fkc1wvMjAxOVwvMDZcLzItcmVzZWF1LWNyaXN0YWxsaW4tbXVzZWUtZGUtbGEtcGhvdG9ncmFwaGllLWRlLWNoYXJsZXJvaS1iZS0yMDE3LmpwZyIsInNsaWRlc2hvdyI6ImM4YWI3ZWEifQ%3D%3D\">\n\t\t\t\t\t<div class=\"e-gallery-image elementor-gallery-item__image\" data-thumbnail=\"https:\/\/alexandrechristiaens.com\/wp-content\/uploads\/2019\/06\/2-reseau-cristallin-musee-de-la-photographie-de-charleroi-be-2017-1024x577.jpg\" data-width=\"1024\" data-height=\"577\" aria-label=\"\" role=\"img\" ><\/div>\n\t\t\t\t\t\t\t\t\t\t\t<div class=\"elementor-gallery-item__overlay\"><\/div>\n\t\t\t\t\t\t\t\t\t\t\t\t\t\t<\/a>\n\t\t\t\t\t\t\t<a class=\"e-gallery-item elementor-gallery-item elementor-animated-content\" href=\"https:\/\/alexandrechristiaens.com\/wp-content\/uploads\/2018\/01\/x-dave-12052012-0054-e1582114542515.jpg\" data-elementor-open-lightbox=\"yes\" data-elementor-lightbox-slideshow=\"c8ab7ea\" data-elementor-lightbox-description=\"Pixels of paradise, BIP, 2014 \u00a9 Alexandre Christiaens\" data-e-action-hash=\"#elementor-action%3Aaction%3Dlightbox%26settings%3DeyJpZCI6MjUyOCwidXJsIjoiaHR0cHM6XC9cL2FsZXhhbmRyZWNocmlzdGlhZW5zLmNvbVwvd3AtY29udGVudFwvdXBsb2Fkc1wvMjAxOFwvMDFcL3gtZGF2ZS0xMjA1MjAxMi0wMDU0LWUxNTgyMTE0NTQyNTE1LmpwZyIsInNsaWRlc2hvdyI6ImM4YWI3ZWEifQ%3D%3D\">\n\t\t\t\t\t<div class=\"e-gallery-image elementor-gallery-item__image\" data-thumbnail=\"https:\/\/alexandrechristiaens.com\/wp-content\/uploads\/2018\/01\/x-dave-12052012-0054-1024x1024.jpg\" data-width=\"1024\" data-height=\"1024\" aria-label=\"\" role=\"img\" ><\/div>\n\t\t\t\t\t\t\t\t\t\t\t<div class=\"elementor-gallery-item__overlay\"><\/div>\n\t\t\t\t\t\t\t\t\t\t\t\t\t\t<\/a>\n\t\t\t\t\t\t\t<a class=\"e-gallery-item elementor-gallery-item elementor-animated-content\" href=\"https:\/\/alexandrechristiaens.com\/wp-content\/uploads\/2019\/06\/1-eaux-vives-peaux-mortes-.espace-photographique-contretype-brx-_2009.jpg\" data-elementor-open-lightbox=\"yes\" data-elementor-lightbox-slideshow=\"c8ab7ea\" data-elementor-lightbox-description=\"eaux vives, peaux mortes, Espace Contretype, Bruxelles, 2009 \u00a9 Alexandre Christiaens\" data-e-action-hash=\"#elementor-action%3Aaction%3Dlightbox%26settings%3DeyJpZCI6MTUyMywidXJsIjoiaHR0cHM6XC9cL2FsZXhhbmRyZWNocmlzdGlhZW5zLmNvbVwvd3AtY29udGVudFwvdXBsb2Fkc1wvMjAxOVwvMDZcLzEtZWF1eC12aXZlcy1wZWF1eC1tb3J0ZXMtLmVzcGFjZS1waG90b2dyYXBoaXF1ZS1jb250cmV0eXBlLWJyeC1fMjAwOS5qcGciLCJzbGlkZXNob3ciOiJjOGFiN2VhIn0%3D\">\n\t\t\t\t\t<div class=\"e-gallery-image elementor-gallery-item__image\" data-thumbnail=\"https:\/\/alexandrechristiaens.com\/wp-content\/uploads\/2019\/06\/1-eaux-vives-peaux-mortes-.espace-photographique-contretype-brx-_2009-1024x683.jpg\" data-width=\"1024\" data-height=\"683\" aria-label=\"\" role=\"img\" ><\/div>\n\t\t\t\t\t\t\t\t\t\t\t<div class=\"elementor-gallery-item__overlay\"><\/div>\n\t\t\t\t\t\t\t\t\t\t\t\t\t\t<\/a>\n\t\t\t\t\t\t\t<a class=\"e-gallery-item elementor-gallery-item elementor-animated-content\" href=\"https:\/\/alexandrechristiaens.com\/wp-content\/uploads\/2021\/12\/AlexandreChristiaens_Valparaiso_Insta8.jpg\" data-elementor-open-lightbox=\"yes\" data-elementor-lightbox-slideshow=\"c8ab7ea\" data-elementor-lightbox-description=\"\u00ab UN NUEVO HABITAR \u00bb. Festival International de Photographie de Valparaiso, Chili (FIFV). \" data-e-action-hash=\"#elementor-action%3Aaction%3Dlightbox%26settings%3DeyJpZCI6MzM4NiwidXJsIjoiaHR0cHM6XC9cL2FsZXhhbmRyZWNocmlzdGlhZW5zLmNvbVwvd3AtY29udGVudFwvdXBsb2Fkc1wvMjAyMVwvMTJcL0FsZXhhbmRyZUNocmlzdGlhZW5zX1ZhbHBhcmFpc29fSW5zdGE4LmpwZyIsInNsaWRlc2hvdyI6ImM4YWI3ZWEifQ%3D%3D\">\n\t\t\t\t\t<div class=\"e-gallery-image elementor-gallery-item__image\" data-thumbnail=\"https:\/\/alexandrechristiaens.com\/wp-content\/uploads\/2021\/12\/AlexandreChristiaens_Valparaiso_Insta8-1024x574.jpg\" data-width=\"1024\" data-height=\"574\" aria-label=\"\" role=\"img\" ><\/div>\n\t\t\t\t\t\t\t\t\t\t\t<div class=\"elementor-gallery-item__overlay\"><\/div>\n\t\t\t\t\t\t\t\t\t\t\t\t\t\t<\/a>\n\t\t\t\t\t\t\t<a class=\"e-gallery-item elementor-gallery-item elementor-animated-content\" href=\"https:\/\/alexandrechristiaens.com\/wp-content\/uploads\/2019\/06\/1-rever-centre-wallonie-bruxelles-paris.fr_2019.jpg\" data-elementor-open-lightbox=\"yes\" data-elementor-lightbox-slideshow=\"c8ab7ea\" data-elementor-lightbox-description=\"R\u00eaver, Centre Wallonie-Bruxelles, Paris, 2019 \u00a9 Alexandre Christiaens\" data-e-action-hash=\"#elementor-action%3Aaction%3Dlightbox%26settings%3DeyJpZCI6MTUzMywidXJsIjoiaHR0cHM6XC9cL2FsZXhhbmRyZWNocmlzdGlhZW5zLmNvbVwvd3AtY29udGVudFwvdXBsb2Fkc1wvMjAxOVwvMDZcLzEtcmV2ZXItY2VudHJlLXdhbGxvbmllLWJydXhlbGxlcy1wYXJpcy5mcl8yMDE5LmpwZyIsInNsaWRlc2hvdyI6ImM4YWI3ZWEifQ%3D%3D\">\n\t\t\t\t\t<div class=\"e-gallery-image elementor-gallery-item__image\" data-thumbnail=\"https:\/\/alexandrechristiaens.com\/wp-content\/uploads\/2019\/06\/1-rever-centre-wallonie-bruxelles-paris.fr_2019-1024x683.jpg\" data-width=\"1024\" data-height=\"683\" aria-label=\"\" role=\"img\" ><\/div>\n\t\t\t\t\t\t\t\t\t\t\t<div class=\"elementor-gallery-item__overlay\"><\/div>\n\t\t\t\t\t\t\t\t\t\t\t\t\t\t<\/a>\n\t\t\t\t\t\t\t<a class=\"e-gallery-item elementor-gallery-item elementor-animated-content\" href=\"https:\/\/alexandrechristiaens.com\/wp-content\/uploads\/2019\/06\/4-indicible-topographie-centre-dart-contemporain-du-luxembourg-belge_2018.jpg\" data-elementor-open-lightbox=\"yes\" data-elementor-lightbox-slideshow=\"c8ab7ea\" data-elementor-lightbox-description=\"Indicible topographie, Centre d&#039;art contemporain du Luxembourg belge, 2018 \u00a9 Alexandre Christiaens\" data-e-action-hash=\"#elementor-action%3Aaction%3Dlightbox%26settings%3DeyJpZCI6MTU2MywidXJsIjoiaHR0cHM6XC9cL2FsZXhhbmRyZWNocmlzdGlhZW5zLmNvbVwvd3AtY29udGVudFwvdXBsb2Fkc1wvMjAxOVwvMDZcLzQtaW5kaWNpYmxlLXRvcG9ncmFwaGllLWNlbnRyZS1kYXJ0LWNvbnRlbXBvcmFpbi1kdS1sdXhlbWJvdXJnLWJlbGdlXzIwMTguanBnIiwic2xpZGVzaG93IjoiYzhhYjdlYSJ9\">\n\t\t\t\t\t<div class=\"e-gallery-image elementor-gallery-item__image\" data-thumbnail=\"https:\/\/alexandrechristiaens.com\/wp-content\/uploads\/2019\/06\/4-indicible-topographie-centre-dart-contemporain-du-luxembourg-belge_2018-1024x768.jpg\" data-width=\"1024\" data-height=\"768\" aria-label=\"\" role=\"img\" ><\/div>\n\t\t\t\t\t\t\t\t\t\t\t<div class=\"elementor-gallery-item__overlay\"><\/div>\n\t\t\t\t\t\t\t\t\t\t\t\t\t\t<\/a>\n\t\t\t\t\t\t\t<a class=\"e-gallery-item elementor-gallery-item elementor-animated-content\" href=\"https:\/\/alexandrechristiaens.com\/wp-content\/uploads\/2019\/06\/6-reseau-cristallin-musee-de-la-photographie-de-charleroi-be-2017.jpg\" data-elementor-open-lightbox=\"yes\" data-elementor-lightbox-slideshow=\"c8ab7ea\" data-elementor-lightbox-description=\"R\u00e9seau cristallin, Mus\u00e9e de la Photographie, Charleroi, 2017 \u00a9 Alexandre Christiaens\" data-e-action-hash=\"#elementor-action%3Aaction%3Dlightbox%26settings%3DeyJpZCI6MTU3NSwidXJsIjoiaHR0cHM6XC9cL2FsZXhhbmRyZWNocmlzdGlhZW5zLmNvbVwvd3AtY29udGVudFwvdXBsb2Fkc1wvMjAxOVwvMDZcLzYtcmVzZWF1LWNyaXN0YWxsaW4tbXVzZWUtZGUtbGEtcGhvdG9ncmFwaGllLWRlLWNoYXJsZXJvaS1iZS0yMDE3LmpwZyIsInNsaWRlc2hvdyI6ImM4YWI3ZWEifQ%3D%3D\">\n\t\t\t\t\t<div class=\"e-gallery-image elementor-gallery-item__image\" data-thumbnail=\"https:\/\/alexandrechristiaens.com\/wp-content\/uploads\/2019\/06\/6-reseau-cristallin-musee-de-la-photographie-de-charleroi-be-2017-1024x577.jpg\" data-width=\"1024\" data-height=\"577\" aria-label=\"\" role=\"img\" ><\/div>\n\t\t\t\t\t\t\t\t\t\t\t<div class=\"elementor-gallery-item__overlay\"><\/div>\n\t\t\t\t\t\t\t\t\t\t\t\t\t\t<\/a>\n\t\t\t\t\t\t\t<a class=\"e-gallery-item elementor-gallery-item elementor-animated-content\" href=\"https:\/\/alexandrechristiaens.com\/wp-content\/uploads\/2019\/06\/1-.-pixels-of-paradise-bip-2014_.jpg\" data-elementor-open-lightbox=\"yes\" data-elementor-lightbox-slideshow=\"c8ab7ea\" data-elementor-lightbox-description=\"Pixels of paradise, BIP, 2014 \u00a9 Alexandre Christiaens\" data-e-action-hash=\"#elementor-action%3Aaction%3Dlightbox%26settings%3DeyJpZCI6MTUxOSwidXJsIjoiaHR0cHM6XC9cL2FsZXhhbmRyZWNocmlzdGlhZW5zLmNvbVwvd3AtY29udGVudFwvdXBsb2Fkc1wvMjAxOVwvMDZcLzEtLi1waXhlbHMtb2YtcGFyYWRpc2UtYmlwLTIwMTRfLmpwZyIsInNsaWRlc2hvdyI6ImM4YWI3ZWEifQ%3D%3D\">\n\t\t\t\t\t<div class=\"e-gallery-image elementor-gallery-item__image\" data-thumbnail=\"https:\/\/alexandrechristiaens.com\/wp-content\/uploads\/2019\/06\/1-.-pixels-of-paradise-bip-2014_-1024x683.jpg\" data-width=\"1024\" data-height=\"683\" aria-label=\"\" role=\"img\" ><\/div>\n\t\t\t\t\t\t\t\t\t\t\t<div class=\"elementor-gallery-item__overlay\"><\/div>\n\t\t\t\t\t\t\t\t\t\t\t\t\t\t<\/a>\n\t\t\t\t\t\t\t<a class=\"e-gallery-item elementor-gallery-item elementor-animated-content\" href=\"https:\/\/alexandrechristiaens.com\/wp-content\/uploads\/2021\/12\/AlexandreChristiaens_Valparaiso_Insta3.jpg\" data-elementor-open-lightbox=\"yes\" data-elementor-lightbox-slideshow=\"c8ab7ea\" data-elementor-lightbox-description=\"FIFV 2021\" data-e-action-hash=\"#elementor-action%3Aaction%3Dlightbox%26settings%3DeyJpZCI6MzM3OCwidXJsIjoiaHR0cHM6XC9cL2FsZXhhbmRyZWNocmlzdGlhZW5zLmNvbVwvd3AtY29udGVudFwvdXBsb2Fkc1wvMjAyMVwvMTJcL0FsZXhhbmRyZUNocmlzdGlhZW5zX1ZhbHBhcmFpc29fSW5zdGEzLmpwZyIsInNsaWRlc2hvdyI6ImM4YWI3ZWEifQ%3D%3D\">\n\t\t\t\t\t<div class=\"e-gallery-image elementor-gallery-item__image\" data-thumbnail=\"https:\/\/alexandrechristiaens.com\/wp-content\/uploads\/2021\/12\/AlexandreChristiaens_Valparaiso_Insta3-1024x676.jpg\" data-width=\"1024\" data-height=\"676\" aria-label=\"\" role=\"img\" ><\/div>\n\t\t\t\t\t\t\t\t\t\t\t<div class=\"elementor-gallery-item__overlay\"><\/div>\n\t\t\t\t\t\t\t\t\t\t\t\t\t\t<\/a>\n\t\t\t\t\t\t\t<a class=\"e-gallery-item elementor-gallery-item elementor-animated-content\" href=\"https:\/\/alexandrechristiaens.com\/wp-content\/uploads\/2019\/06\/2-pixels-of-paradise-bip-liege_2014_.jpg\" data-elementor-open-lightbox=\"yes\" data-elementor-lightbox-slideshow=\"c8ab7ea\" data-elementor-lightbox-description=\"Pixels of paradise, BIP, 2014 \u00a9 Alexandre Christiaens\" data-e-action-hash=\"#elementor-action%3Aaction%3Dlightbox%26settings%3DeyJpZCI6MTU0MSwidXJsIjoiaHR0cHM6XC9cL2FsZXhhbmRyZWNocmlzdGlhZW5zLmNvbVwvd3AtY29udGVudFwvdXBsb2Fkc1wvMjAxOVwvMDZcLzItcGl4ZWxzLW9mLXBhcmFkaXNlLWJpcC1saWVnZV8yMDE0Xy5qcGciLCJzbGlkZXNob3ciOiJjOGFiN2VhIn0%3D\">\n\t\t\t\t\t<div class=\"e-gallery-image elementor-gallery-item__image\" data-thumbnail=\"https:\/\/alexandrechristiaens.com\/wp-content\/uploads\/2019\/06\/2-pixels-of-paradise-bip-liege_2014_-1024x683.jpg\" data-width=\"1024\" data-height=\"683\" aria-label=\"\" role=\"img\" ><\/div>\n\t\t\t\t\t\t\t\t\t\t\t<div class=\"elementor-gallery-item__overlay\"><\/div>\n\t\t\t\t\t\t\t\t\t\t\t\t\t\t<\/a>\n\t\t\t\t\t\t\t<a class=\"e-gallery-item elementor-gallery-item elementor-animated-content\" href=\"https:\/\/alexandrechristiaens.com\/wp-content\/uploads\/2019\/06\/3-vortex-monos-gallery_2016.jpg\" data-elementor-open-lightbox=\"yes\" data-elementor-lightbox-slideshow=\"c8ab7ea\" data-elementor-lightbox-description=\"Vortex, Monos Gallery, 2016 \u00a9 Alexandre Christiaens\" data-e-action-hash=\"#elementor-action%3Aaction%3Dlightbox%26settings%3DeyJpZCI6MTU2MSwidXJsIjoiaHR0cHM6XC9cL2FsZXhhbmRyZWNocmlzdGlhZW5zLmNvbVwvd3AtY29udGVudFwvdXBsb2Fkc1wvMjAxOVwvMDZcLzMtdm9ydGV4LW1vbm9zLWdhbGxlcnlfMjAxNi5qcGciLCJzbGlkZXNob3ciOiJjOGFiN2VhIn0%3D\">\n\t\t\t\t\t<div class=\"e-gallery-image elementor-gallery-item__image\" data-thumbnail=\"https:\/\/alexandrechristiaens.com\/wp-content\/uploads\/2019\/06\/3-vortex-monos-gallery_2016-1024x680.jpg\" data-width=\"1024\" data-height=\"680\" aria-label=\"\" role=\"img\" ><\/div>\n\t\t\t\t\t\t\t\t\t\t\t<div class=\"elementor-gallery-item__overlay\"><\/div>\n\t\t\t\t\t\t\t\t\t\t\t\t\t\t<\/a>\n\t\t\t\t\t\t\t<a class=\"e-gallery-item elementor-gallery-item elementor-animated-content\" href=\"https:\/\/alexandrechristiaens.com\/wp-content\/uploads\/2019\/06\/1-indicible-topographie-centre-dart-contemporain-du-luxembourg-belge_2018.jpg\" data-elementor-open-lightbox=\"yes\" data-elementor-lightbox-slideshow=\"c8ab7ea\" data-elementor-lightbox-description=\"Indicible topographie, Centre d&#039;art contemporain du Luxembourg belge, 2018 \u00a9 Alexandre Christiaens\" data-e-action-hash=\"#elementor-action%3Aaction%3Dlightbox%26settings%3DeyJpZCI6MTUzMSwidXJsIjoiaHR0cHM6XC9cL2FsZXhhbmRyZWNocmlzdGlhZW5zLmNvbVwvd3AtY29udGVudFwvdXBsb2Fkc1wvMjAxOVwvMDZcLzEtaW5kaWNpYmxlLXRvcG9ncmFwaGllLWNlbnRyZS1kYXJ0LWNvbnRlbXBvcmFpbi1kdS1sdXhlbWJvdXJnLWJlbGdlXzIwMTguanBnIiwic2xpZGVzaG93IjoiYzhhYjdlYSJ9\">\n\t\t\t\t\t<div class=\"e-gallery-image elementor-gallery-item__image\" data-thumbnail=\"https:\/\/alexandrechristiaens.com\/wp-content\/uploads\/2019\/06\/1-indicible-topographie-centre-dart-contemporain-du-luxembourg-belge_2018-1024x768.jpg\" data-width=\"1024\" data-height=\"768\" aria-label=\"\" role=\"img\" ><\/div>\n\t\t\t\t\t\t\t\t\t\t\t<div class=\"elementor-gallery-item__overlay\"><\/div>\n\t\t\t\t\t\t\t\t\t\t\t\t\t\t<\/a>\n\t\t\t\t\t\t\t<a class=\"e-gallery-item elementor-gallery-item elementor-animated-content\" href=\"https:\/\/alexandrechristiaens.com\/wp-content\/uploads\/2019\/06\/2-escales-grand-manege-theatre-royal-de-namur_be_2006.jpg\" data-elementor-open-lightbox=\"yes\" data-elementor-lightbox-slideshow=\"c8ab7ea\" data-elementor-lightbox-description=\"Escales, Grand man\u00e8ge, Th\u00e9\u00e2tre royal de Namur, 2006 \u00a9 Alexandre Christiaens\" data-e-action-hash=\"#elementor-action%3Aaction%3Dlightbox%26settings%3DeyJpZCI6MTUzOSwidXJsIjoiaHR0cHM6XC9cL2FsZXhhbmRyZWNocmlzdGlhZW5zLmNvbVwvd3AtY29udGVudFwvdXBsb2Fkc1wvMjAxOVwvMDZcLzItZXNjYWxlcy1ncmFuZC1tYW5lZ2UtdGhlYXRyZS1yb3lhbC1kZS1uYW11cl9iZV8yMDA2LmpwZyIsInNsaWRlc2hvdyI6ImM4YWI3ZWEifQ%3D%3D\">\n\t\t\t\t\t<div class=\"e-gallery-image elementor-gallery-item__image\" data-thumbnail=\"https:\/\/alexandrechristiaens.com\/wp-content\/uploads\/2019\/06\/2-escales-grand-manege-theatre-royal-de-namur_be_2006-1024x1024.jpg\" data-width=\"1024\" data-height=\"1024\" aria-label=\"\" role=\"img\" ><\/div>\n\t\t\t\t\t\t\t\t\t\t\t<div class=\"elementor-gallery-item__overlay\"><\/div>\n\t\t\t\t\t\t\t\t\t\t\t\t\t\t<\/a>\n\t\t\t\t\t\t\t<a class=\"e-gallery-item elementor-gallery-item elementor-animated-content\" href=\"https:\/\/alexandrechristiaens.com\/wp-content\/uploads\/2018\/01\/201414mars_7769.jpg\" data-elementor-open-lightbox=\"yes\" data-elementor-lightbox-slideshow=\"c8ab7ea\" data-elementor-lightbox-description=\"Pixels of paradise, BIP, 2014 \u00a9 Alexandre Christiaens\" data-e-action-hash=\"#elementor-action%3Aaction%3Dlightbox%26settings%3DeyJpZCI6MjUzMCwidXJsIjoiaHR0cHM6XC9cL2FsZXhhbmRyZWNocmlzdGlhZW5zLmNvbVwvd3AtY29udGVudFwvdXBsb2Fkc1wvMjAxOFwvMDFcLzIwMTQxNG1hcnNfNzc2OS5qcGciLCJzbGlkZXNob3ciOiJjOGFiN2VhIn0%3D\">\n\t\t\t\t\t<div class=\"e-gallery-image elementor-gallery-item__image\" data-thumbnail=\"https:\/\/alexandrechristiaens.com\/wp-content\/uploads\/2018\/01\/201414mars_7769-1024x1024.jpg\" data-width=\"1024\" data-height=\"1024\" aria-label=\"\" role=\"img\" ><\/div>\n\t\t\t\t\t\t\t\t\t\t\t<div class=\"elementor-gallery-item__overlay\"><\/div>\n\t\t\t\t\t\t\t\t\t\t\t\t\t\t<\/a>\n\t\t\t\t\t\t\t<a class=\"e-gallery-item elementor-gallery-item elementor-animated-content\" href=\"https:\/\/alexandrechristiaens.com\/wp-content\/uploads\/2019\/06\/4-vortex-monos-gallery_2016.jpg\" data-elementor-open-lightbox=\"yes\" data-elementor-lightbox-slideshow=\"c8ab7ea\" data-elementor-lightbox-description=\"Vortex, Monos Gallery, 2016 \u00a9 Alexandre Christiaens\" data-e-action-hash=\"#elementor-action%3Aaction%3Dlightbox%26settings%3DeyJpZCI6MTU2NSwidXJsIjoiaHR0cHM6XC9cL2FsZXhhbmRyZWNocmlzdGlhZW5zLmNvbVwvd3AtY29udGVudFwvdXBsb2Fkc1wvMjAxOVwvMDZcLzQtdm9ydGV4LW1vbm9zLWdhbGxlcnlfMjAxNi5qcGciLCJzbGlkZXNob3ciOiJjOGFiN2VhIn0%3D\">\n\t\t\t\t\t<div class=\"e-gallery-image elementor-gallery-item__image\" data-thumbnail=\"https:\/\/alexandrechristiaens.com\/wp-content\/uploads\/2019\/06\/4-vortex-monos-gallery_2016-1024x680.jpg\" data-width=\"1024\" data-height=\"680\" aria-label=\"\" role=\"img\" ><\/div>\n\t\t\t\t\t\t\t\t\t\t\t<div class=\"elementor-gallery-item__overlay\"><\/div>\n\t\t\t\t\t\t\t\t\t\t\t\t\t\t<\/a>\n\t\t\t\t\t\t\t<a class=\"e-gallery-item elementor-gallery-item elementor-animated-content\" href=\"https:\/\/alexandrechristiaens.com\/wp-content\/uploads\/2019\/06\/marines-chapelle-de-boendael_2002.jpg\" data-elementor-open-lightbox=\"yes\" data-elementor-lightbox-slideshow=\"c8ab7ea\" data-elementor-lightbox-description=\"Marines, Chapelle de Boendael, 2002 \u00a9 Alexandre Christiaens\" data-e-action-hash=\"#elementor-action%3Aaction%3Dlightbox%26settings%3DeyJpZCI6MTUxNSwidXJsIjoiaHR0cHM6XC9cL2FsZXhhbmRyZWNocmlzdGlhZW5zLmNvbVwvd3AtY29udGVudFwvdXBsb2Fkc1wvMjAxOVwvMDZcL21hcmluZXMtY2hhcGVsbGUtZGUtYm9lbmRhZWxfMjAwMi5qcGciLCJzbGlkZXNob3ciOiJjOGFiN2VhIn0%3D\">\n\t\t\t\t\t<div class=\"e-gallery-image elementor-gallery-item__image\" data-thumbnail=\"https:\/\/alexandrechristiaens.com\/wp-content\/uploads\/2019\/06\/marines-chapelle-de-boendael_2002-1024x608.jpg\" data-width=\"1024\" data-height=\"608\" aria-label=\"\" role=\"img\" ><\/div>\n\t\t\t\t\t\t\t\t\t\t\t<div class=\"elementor-gallery-item__overlay\"><\/div>\n\t\t\t\t\t\t\t\t\t\t\t\t\t\t<\/a>\n\t\t\t\t\t\t\t<a class=\"e-gallery-item elementor-gallery-item elementor-animated-content\" href=\"https:\/\/alexandrechristiaens.com\/wp-content\/uploads\/2021\/12\/AlexandreChristiaens_TheSeaIsTheMoutain3.jpg\" data-elementor-open-lightbox=\"yes\" data-elementor-lightbox-slideshow=\"c8ab7ea\" data-elementor-lightbox-description=\"Biennale d\u2019Art Contemporain SACO1.0, Antofagasta, Chili\" data-e-action-hash=\"#elementor-action%3Aaction%3Dlightbox%26settings%3DeyJpZCI6MzM3MCwidXJsIjoiaHR0cHM6XC9cL2FsZXhhbmRyZWNocmlzdGlhZW5zLmNvbVwvd3AtY29udGVudFwvdXBsb2Fkc1wvMjAyMVwvMTJcL0FsZXhhbmRyZUNocmlzdGlhZW5zX1RoZVNlYUlzVGhlTW91dGFpbjMuanBnIiwic2xpZGVzaG93IjoiYzhhYjdlYSJ9\">\n\t\t\t\t\t<div class=\"e-gallery-image elementor-gallery-item__image\" data-thumbnail=\"https:\/\/alexandrechristiaens.com\/wp-content\/uploads\/2021\/12\/AlexandreChristiaens_TheSeaIsTheMoutain3-1024x675.jpg\" data-width=\"1024\" data-height=\"675\" aria-label=\"\" role=\"img\" ><\/div>\n\t\t\t\t\t\t\t\t\t\t\t<div class=\"elementor-gallery-item__overlay\"><\/div>\n\t\t\t\t\t\t\t\t\t\t\t\t\t\t<\/a>\n\t\t\t\t\t\t\t<a class=\"e-gallery-item elementor-gallery-item elementor-animated-content\" href=\"https:\/\/alexandrechristiaens.com\/wp-content\/uploads\/2019\/06\/1-vortex-monos-gallery_2016.jpg\" data-elementor-open-lightbox=\"yes\" data-elementor-lightbox-slideshow=\"c8ab7ea\" data-elementor-lightbox-description=\"Vortex, Monos Gallery, 2016 \u00a9 Alexandre Christiaens\" data-e-action-hash=\"#elementor-action%3Aaction%3Dlightbox%26settings%3DeyJpZCI6MTUyOSwidXJsIjoiaHR0cHM6XC9cL2FsZXhhbmRyZWNocmlzdGlhZW5zLmNvbVwvd3AtY29udGVudFwvdXBsb2Fkc1wvMjAxOVwvMDZcLzEtdm9ydGV4LW1vbm9zLWdhbGxlcnlfMjAxNi5qcGciLCJzbGlkZXNob3ciOiJjOGFiN2VhIn0%3D\">\n\t\t\t\t\t<div class=\"e-gallery-image elementor-gallery-item__image\" data-thumbnail=\"https:\/\/alexandrechristiaens.com\/wp-content\/uploads\/2019\/06\/1-vortex-monos-gallery_2016-1024x680.jpg\" data-width=\"1024\" data-height=\"680\" aria-label=\"\" role=\"img\" ><\/div>\n\t\t\t\t\t\t\t\t\t\t\t<div class=\"elementor-gallery-item__overlay\"><\/div>\n\t\t\t\t\t\t\t\t\t\t\t\t\t\t<\/a>\n\t\t\t\t\t\t\t<a class=\"e-gallery-item elementor-gallery-item elementor-animated-content\" href=\"https:\/\/alexandrechristiaens.com\/wp-content\/uploads\/2019\/06\/1-reseau-cristallin-musee-de-la-photographie-de-charleroi-be-2017.jpg\" data-elementor-open-lightbox=\"yes\" data-elementor-lightbox-slideshow=\"c8ab7ea\" data-elementor-lightbox-description=\"R\u00e9seau cristallin, Mus\u00e9e de la Photographie, Charleroi, 2017 \u00a9 Alexandre Christiaens\" data-e-action-hash=\"#elementor-action%3Aaction%3Dlightbox%26settings%3DeyJpZCI6MTUyNywidXJsIjoiaHR0cHM6XC9cL2FsZXhhbmRyZWNocmlzdGlhZW5zLmNvbVwvd3AtY29udGVudFwvdXBsb2Fkc1wvMjAxOVwvMDZcLzEtcmVzZWF1LWNyaXN0YWxsaW4tbXVzZWUtZGUtbGEtcGhvdG9ncmFwaGllLWRlLWNoYXJsZXJvaS1iZS0yMDE3LmpwZyIsInNsaWRlc2hvdyI6ImM4YWI3ZWEifQ%3D%3D\">\n\t\t\t\t\t<div class=\"e-gallery-image elementor-gallery-item__image\" data-thumbnail=\"https:\/\/alexandrechristiaens.com\/wp-content\/uploads\/2019\/06\/1-reseau-cristallin-musee-de-la-photographie-de-charleroi-be-2017-1024x577.jpg\" data-width=\"1024\" data-height=\"577\" aria-label=\"\" role=\"img\" ><\/div>\n\t\t\t\t\t\t\t\t\t\t\t<div class=\"elementor-gallery-item__overlay\"><\/div>\n\t\t\t\t\t\t\t\t\t\t\t\t\t\t<\/a>\n\t\t\t\t\t\t\t<a class=\"e-gallery-item elementor-gallery-item elementor-animated-content\" href=\"https:\/\/alexandrechristiaens.com\/wp-content\/uploads\/2019\/06\/3-reseau-cristallin-musee-de-la-photographie-de-charleroi-be-2017.jpg\" data-elementor-open-lightbox=\"yes\" data-elementor-lightbox-slideshow=\"c8ab7ea\" data-elementor-lightbox-description=\"R\u00e9seau cristallin, Mus\u00e9e de la Photographie, Charleroi, 2017 \u00a9 Alexandre Christiaens\" data-e-action-hash=\"#elementor-action%3Aaction%3Dlightbox%26settings%3DeyJpZCI6MTU1NSwidXJsIjoiaHR0cHM6XC9cL2FsZXhhbmRyZWNocmlzdGlhZW5zLmNvbVwvd3AtY29udGVudFwvdXBsb2Fkc1wvMjAxOVwvMDZcLzMtcmVzZWF1LWNyaXN0YWxsaW4tbXVzZWUtZGUtbGEtcGhvdG9ncmFwaGllLWRlLWNoYXJsZXJvaS1iZS0yMDE3LmpwZyIsInNsaWRlc2hvdyI6ImM4YWI3ZWEifQ%3D%3D\">\n\t\t\t\t\t<div class=\"e-gallery-image elementor-gallery-item__image\" data-thumbnail=\"https:\/\/alexandrechristiaens.com\/wp-content\/uploads\/2019\/06\/3-reseau-cristallin-musee-de-la-photographie-de-charleroi-be-2017-1024x577.jpg\" data-width=\"1024\" data-height=\"577\" aria-label=\"\" role=\"img\" ><\/div>\n\t\t\t\t\t\t\t\t\t\t\t<div class=\"elementor-gallery-item__overlay\"><\/div>\n\t\t\t\t\t\t\t\t\t\t\t\t\t\t<\/a>\n\t\t\t\t\t\t\t<a class=\"e-gallery-item elementor-gallery-item elementor-animated-content\" href=\"https:\/\/alexandrechristiaens.com\/wp-content\/uploads\/2024\/01\/SACO1.0-Antofagasta-Chili.jpeg\" data-elementor-open-lightbox=\"yes\" data-elementor-lightbox-slideshow=\"c8ab7ea\" data-elementor-lightbox-description=\"Biennale d\u2019Art Contemporain SACO1.0, Antofagasta, Chili\" data-e-action-hash=\"#elementor-action%3Aaction%3Dlightbox%26settings%3DeyJpZCI6MzkyOCwidXJsIjoiaHR0cHM6XC9cL2FsZXhhbmRyZWNocmlzdGlhZW5zLmNvbVwvd3AtY29udGVudFwvdXBsb2Fkc1wvMjAyNFwvMDFcL1NBQ08xLjAtQW50b2ZhZ2FzdGEtQ2hpbGkuanBlZyIsInNsaWRlc2hvdyI6ImM4YWI3ZWEifQ%3D%3D\">\n\t\t\t\t\t<div class=\"e-gallery-image elementor-gallery-item__image\" data-thumbnail=\"https:\/\/alexandrechristiaens.com\/wp-content\/uploads\/2024\/01\/SACO1.0-Antofagasta-Chili.jpeg\" data-width=\"800\" data-height=\"533\" aria-label=\"\" role=\"img\" ><\/div>\n\t\t\t\t\t\t\t\t\t\t\t<div class=\"elementor-gallery-item__overlay\"><\/div>\n\t\t\t\t\t\t\t\t\t\t\t\t\t\t<\/a>\n\t\t\t\t\t\t\t<a class=\"e-gallery-item elementor-gallery-item elementor-animated-content\" href=\"https:\/\/alexandrechristiaens.com\/wp-content\/uploads\/2019\/06\/22-mamac22liege-2013.jpg\" data-elementor-open-lightbox=\"yes\" data-elementor-lightbox-slideshow=\"c8ab7ea\" data-elementor-lightbox-description=\"MAMAC, L\u00e8ge, 2013 \u00a9 Alexandre Christiaens\" data-e-action-hash=\"#elementor-action%3Aaction%3Dlightbox%26settings%3DeyJpZCI6MTUxMywidXJsIjoiaHR0cHM6XC9cL2FsZXhhbmRyZWNocmlzdGlhZW5zLmNvbVwvd3AtY29udGVudFwvdXBsb2Fkc1wvMjAxOVwvMDZcLzIyLW1hbWFjMjJsaWVnZS0yMDEzLmpwZyIsInNsaWRlc2hvdyI6ImM4YWI3ZWEifQ%3D%3D\">\n\t\t\t\t\t<div class=\"e-gallery-image elementor-gallery-item__image\" data-thumbnail=\"https:\/\/alexandrechristiaens.com\/wp-content\/uploads\/2019\/06\/22-mamac22liege-2013-1024x683.jpg\" data-width=\"1024\" data-height=\"683\" aria-label=\"\" role=\"img\" ><\/div>\n\t\t\t\t\t\t\t\t\t\t\t<div class=\"elementor-gallery-item__overlay\"><\/div>\n\t\t\t\t\t\t\t\t\t\t\t\t\t\t<\/a>\n\t\t\t\t\t\t\t<a class=\"e-gallery-item elementor-gallery-item elementor-animated-content\" href=\"https:\/\/alexandrechristiaens.com\/wp-content\/uploads\/2018\/01\/img_2841.jpg\" data-elementor-open-lightbox=\"yes\" data-elementor-lightbox-slideshow=\"c8ab7ea\" data-elementor-lightbox-description=\"eaux vives, peaux mortes, Espace Contretype, Bruxelles, 2009 \u00a9 Alexandre Christiaens\" data-e-action-hash=\"#elementor-action%3Aaction%3Dlightbox%26settings%3DeyJpZCI6MjUzNSwidXJsIjoiaHR0cHM6XC9cL2FsZXhhbmRyZWNocmlzdGlhZW5zLmNvbVwvd3AtY29udGVudFwvdXBsb2Fkc1wvMjAxOFwvMDFcL2ltZ18yODQxLmpwZyIsInNsaWRlc2hvdyI6ImM4YWI3ZWEifQ%3D%3D\">\n\t\t\t\t\t<div class=\"e-gallery-image elementor-gallery-item__image\" data-thumbnail=\"https:\/\/alexandrechristiaens.com\/wp-content\/uploads\/2018\/01\/img_2841-1024x683.jpg\" data-width=\"1024\" data-height=\"683\" aria-label=\"\" role=\"img\" ><\/div>\n\t\t\t\t\t\t\t\t\t\t\t<div class=\"elementor-gallery-item__overlay\"><\/div>\n\t\t\t\t\t\t\t\t\t\t\t\t\t\t<\/a>\n\t\t\t\t\t\t\t<a class=\"e-gallery-item elementor-gallery-item elementor-animated-content\" href=\"https:\/\/alexandrechristiaens.com\/wp-content\/uploads\/2018\/01\/img_2821.jpg\" data-elementor-open-lightbox=\"yes\" data-elementor-lightbox-slideshow=\"c8ab7ea\" data-elementor-lightbox-description=\"eaux vives, peaux mortes, Espace Contretype, Bruxelles, 2009 \u00a9 Alexandre Christiaens\" data-e-action-hash=\"#elementor-action%3Aaction%3Dlightbox%26settings%3DeyJpZCI6MjUzMSwidXJsIjoiaHR0cHM6XC9cL2FsZXhhbmRyZWNocmlzdGlhZW5zLmNvbVwvd3AtY29udGVudFwvdXBsb2Fkc1wvMjAxOFwvMDFcL2ltZ18yODIxLmpwZyIsInNsaWRlc2hvdyI6ImM4YWI3ZWEifQ%3D%3D\">\n\t\t\t\t\t<div class=\"e-gallery-image elementor-gallery-item__image\" data-thumbnail=\"https:\/\/alexandrechristiaens.com\/wp-content\/uploads\/2018\/01\/img_2821-1024x683.jpg\" data-width=\"1024\" data-height=\"683\" aria-label=\"\" role=\"img\" ><\/div>\n\t\t\t\t\t\t\t\t\t\t\t<div class=\"elementor-gallery-item__overlay\"><\/div>\n\t\t\t\t\t\t\t\t\t\t\t\t\t\t<\/a>\n\t\t\t\t\t\t\t<a class=\"e-gallery-item elementor-gallery-item elementor-animated-content\" href=\"https:\/\/alexandrechristiaens.com\/wp-content\/uploads\/2019\/06\/2-eaux-vives-peaux-mortes-galerie-le-bleu-du-ciel_lyon.fr-_2013.jpg.jpg\" data-elementor-open-lightbox=\"yes\" data-elementor-lightbox-slideshow=\"c8ab7ea\" data-elementor-lightbox-description=\"eaux vives, peaux mortes, Galerie Le bleu du ciel, Lyon, 2013 \u00a9 Alexandre Christiaens\" data-e-action-hash=\"#elementor-action%3Aaction%3Dlightbox%26settings%3DeyJpZCI6MTUzNSwidXJsIjoiaHR0cHM6XC9cL2FsZXhhbmRyZWNocmlzdGlhZW5zLmNvbVwvd3AtY29udGVudFwvdXBsb2Fkc1wvMjAxOVwvMDZcLzItZWF1eC12aXZlcy1wZWF1eC1tb3J0ZXMtZ2FsZXJpZS1sZS1ibGV1LWR1LWNpZWxfbHlvbi5mci1fMjAxMy5qcGcuanBnIiwic2xpZGVzaG93IjoiYzhhYjdlYSJ9\">\n\t\t\t\t\t<div class=\"e-gallery-image elementor-gallery-item__image\" data-thumbnail=\"https:\/\/alexandrechristiaens.com\/wp-content\/uploads\/2019\/06\/2-eaux-vives-peaux-mortes-galerie-le-bleu-du-ciel_lyon.fr-_2013.jpg-1024x683.jpg\" data-width=\"1024\" data-height=\"683\" aria-label=\"\" role=\"img\" ><\/div>\n\t\t\t\t\t\t\t\t\t\t\t<div class=\"elementor-gallery-item__overlay\"><\/div>\n\t\t\t\t\t\t\t\t\t\t\t\t\t\t<\/a>\n\t\t\t\t\t\t\t<a class=\"e-gallery-item elementor-gallery-item elementor-animated-content\" href=\"https:\/\/alexandrechristiaens.com\/wp-content\/uploads\/2018\/01\/img_2924.jpg\" data-elementor-open-lightbox=\"yes\" data-elementor-lightbox-slideshow=\"c8ab7ea\" data-elementor-lightbox-description=\"eaux vives, peaux mortes, Espace Contretype, Bruxelles, 2009 \u00a9 Alexandre Christiaens\" data-e-action-hash=\"#elementor-action%3Aaction%3Dlightbox%26settings%3DeyJpZCI6MjUzMiwidXJsIjoiaHR0cHM6XC9cL2FsZXhhbmRyZWNocmlzdGlhZW5zLmNvbVwvd3AtY29udGVudFwvdXBsb2Fkc1wvMjAxOFwvMDFcL2ltZ18yOTI0LmpwZyIsInNsaWRlc2hvdyI6ImM4YWI3ZWEifQ%3D%3D\">\n\t\t\t\t\t<div class=\"e-gallery-image elementor-gallery-item__image\" data-thumbnail=\"https:\/\/alexandrechristiaens.com\/wp-content\/uploads\/2018\/01\/img_2924-1024x683.jpg\" data-width=\"1024\" data-height=\"683\" aria-label=\"\" role=\"img\" ><\/div>\n\t\t\t\t\t\t\t\t\t\t\t<div class=\"elementor-gallery-item__overlay\"><\/div>\n\t\t\t\t\t\t\t\t\t\t\t\t\t\t<\/a>\n\t\t\t\t\t\t\t<a class=\"e-gallery-item elementor-gallery-item elementor-animated-content\" href=\"https:\/\/alexandrechristiaens.com\/wp-content\/uploads\/2019\/06\/post-it-zones-gallery-rossi-contemporary_2009.jpg\" data-elementor-open-lightbox=\"yes\" data-elementor-lightbox-slideshow=\"c8ab7ea\" data-elementor-lightbox-description=\"Post-it zones, Gallery Rossi Contemporary, 2009 \u00a9 Alexandre Christiaens\" data-e-action-hash=\"#elementor-action%3Aaction%3Dlightbox%26settings%3DeyJpZCI6MTUxNywidXJsIjoiaHR0cHM6XC9cL2FsZXhhbmRyZWNocmlzdGlhZW5zLmNvbVwvd3AtY29udGVudFwvdXBsb2Fkc1wvMjAxOVwvMDZcL3Bvc3QtaXQtem9uZXMtZ2FsbGVyeS1yb3NzaS1jb250ZW1wb3JhcnlfMjAwOS5qcGciLCJzbGlkZXNob3ciOiJjOGFiN2VhIn0%3D\">\n\t\t\t\t\t<div class=\"e-gallery-image elementor-gallery-item__image\" data-thumbnail=\"https:\/\/alexandrechristiaens.com\/wp-content\/uploads\/2019\/06\/post-it-zones-gallery-rossi-contemporary_2009-1024x1024.jpg\" data-width=\"1024\" data-height=\"1024\" aria-label=\"\" role=\"img\" ><\/div>\n\t\t\t\t\t\t\t\t\t\t\t<div class=\"elementor-gallery-item__overlay\"><\/div>\n\t\t\t\t\t\t\t\t\t\t\t\t\t\t<\/a>\n\t\t\t\t\t\t\t<a class=\"e-gallery-item elementor-gallery-item elementor-animated-content\" href=\"https:\/\/alexandrechristiaens.com\/wp-content\/uploads\/2018\/01\/img_2910.jpg\" data-elementor-open-lightbox=\"yes\" data-elementor-lightbox-slideshow=\"c8ab7ea\" data-elementor-lightbox-description=\"eaux vives, peaux mortes, Espace Contretype, Bruxelles, 2009 \u00a9 Alexandre Christiaens\" data-e-action-hash=\"#elementor-action%3Aaction%3Dlightbox%26settings%3DeyJpZCI6MjUzMywidXJsIjoiaHR0cHM6XC9cL2FsZXhhbmRyZWNocmlzdGlhZW5zLmNvbVwvd3AtY29udGVudFwvdXBsb2Fkc1wvMjAxOFwvMDFcL2ltZ18yOTEwLmpwZyIsInNsaWRlc2hvdyI6ImM4YWI3ZWEifQ%3D%3D\">\n\t\t\t\t\t<div class=\"e-gallery-image elementor-gallery-item__image\" data-thumbnail=\"https:\/\/alexandrechristiaens.com\/wp-content\/uploads\/2018\/01\/img_2910-1024x683.jpg\" data-width=\"1024\" data-height=\"683\" aria-label=\"\" role=\"img\" ><\/div>\n\t\t\t\t\t\t\t\t\t\t\t<div class=\"elementor-gallery-item__overlay\"><\/div>\n\t\t\t\t\t\t\t\t\t\t\t\t\t\t<\/a>\n\t\t\t\t\t\t\t<a class=\"e-gallery-item elementor-gallery-item elementor-animated-content\" href=\"https:\/\/alexandrechristiaens.com\/wp-content\/uploads\/2018\/01\/x-dave-12052012-0021.jpg\" data-elementor-open-lightbox=\"yes\" data-elementor-lightbox-slideshow=\"c8ab7ea\" data-elementor-lightbox-description=\"Pixels of paradise, BIP, 2014 \u00a9 Alexandre Christiaens\" data-e-action-hash=\"#elementor-action%3Aaction%3Dlightbox%26settings%3DeyJpZCI6MjUyOSwidXJsIjoiaHR0cHM6XC9cL2FsZXhhbmRyZWNocmlzdGlhZW5zLmNvbVwvd3AtY29udGVudFwvdXBsb2Fkc1wvMjAxOFwvMDFcL3gtZGF2ZS0xMjA1MjAxMi0wMDIxLmpwZyIsInNsaWRlc2hvdyI6ImM4YWI3ZWEifQ%3D%3D\">\n\t\t\t\t\t<div class=\"e-gallery-image elementor-gallery-item__image\" data-thumbnail=\"https:\/\/alexandrechristiaens.com\/wp-content\/uploads\/2018\/01\/x-dave-12052012-0021-1024x1024.jpg\" data-width=\"1024\" data-height=\"1024\" aria-label=\"\" role=\"img\" ><\/div>\n\t\t\t\t\t\t\t\t\t\t\t<div class=\"elementor-gallery-item__overlay\"><\/div>\n\t\t\t\t\t\t\t\t\t\t\t\t\t\t<\/a>\n\t\t\t\t\t\t\t<a class=\"e-gallery-item elementor-gallery-item elementor-animated-content\" href=\"https:\/\/alexandrechristiaens.com\/wp-content\/uploads\/2018\/01\/img_2891.jpg\" data-elementor-open-lightbox=\"yes\" data-elementor-lightbox-slideshow=\"c8ab7ea\" data-elementor-lightbox-description=\"eaux vives, peaux mortes, Espace Contretype, Bruxelles, 2009 \u00a9 Alexandre Christiaens\" data-e-action-hash=\"#elementor-action%3Aaction%3Dlightbox%26settings%3DeyJpZCI6MjUzNCwidXJsIjoiaHR0cHM6XC9cL2FsZXhhbmRyZWNocmlzdGlhZW5zLmNvbVwvd3AtY29udGVudFwvdXBsb2Fkc1wvMjAxOFwvMDFcL2ltZ18yODkxLmpwZyIsInNsaWRlc2hvdyI6ImM4YWI3ZWEifQ%3D%3D\">\n\t\t\t\t\t<div class=\"e-gallery-image elementor-gallery-item__image\" data-thumbnail=\"https:\/\/alexandrechristiaens.com\/wp-content\/uploads\/2018\/01\/img_2891-1024x683.jpg\" data-width=\"1024\" data-height=\"683\" aria-label=\"\" role=\"img\" ><\/div>\n\t\t\t\t\t\t\t\t\t\t\t<div class=\"elementor-gallery-item__overlay\"><\/div>\n\t\t\t\t\t\t\t\t\t\t\t\t\t\t<\/a>\n\t\t\t\t\t\t\t<a class=\"e-gallery-item elementor-gallery-item elementor-animated-content\" href=\"https:\/\/alexandrechristiaens.com\/wp-content\/uploads\/2024\/01\/Biennale-SACO1.0-Antofagasta-Chili.jpeg\" data-elementor-open-lightbox=\"yes\" data-elementor-lightbox-slideshow=\"c8ab7ea\" data-elementor-lightbox-description=\"Biennale d\u2019Art Contemporain SACO1.0, Antofagasta, Chili\" data-e-action-hash=\"#elementor-action%3Aaction%3Dlightbox%26settings%3DeyJpZCI6MzkzMCwidXJsIjoiaHR0cHM6XC9cL2FsZXhhbmRyZWNocmlzdGlhZW5zLmNvbVwvd3AtY29udGVudFwvdXBsb2Fkc1wvMjAyNFwvMDFcL0JpZW5uYWxlLVNBQ08xLjAtQW50b2ZhZ2FzdGEtQ2hpbGkuanBlZyIsInNsaWRlc2hvdyI6ImM4YWI3ZWEifQ%3D%3D\">\n\t\t\t\t\t<div class=\"e-gallery-image elementor-gallery-item__image\" data-thumbnail=\"https:\/\/alexandrechristiaens.com\/wp-content\/uploads\/2024\/01\/Biennale-SACO1.0-Antofagasta-Chili.jpeg\" data-width=\"800\" data-height=\"533\" aria-label=\"\" role=\"img\" ><\/div>\n\t\t\t\t\t\t\t\t\t\t\t<div class=\"elementor-gallery-item__overlay\"><\/div>\n\t\t\t\t\t\t\t\t\t\t\t\t\t\t<\/a>\n\t\t\t\t\t\t\t<a class=\"e-gallery-item elementor-gallery-item elementor-animated-content\" href=\"https:\/\/alexandrechristiaens.com\/wp-content\/uploads\/2019\/06\/2-rever-centre-wallonie-bruxelles-paris.fr_2019.jpg\" data-elementor-open-lightbox=\"yes\" data-elementor-lightbox-slideshow=\"c8ab7ea\" data-elementor-lightbox-description=\"R\u00eaver, Centre Wallonie-Bruxelles, Paris, 2019 \u00a9 Alexandre Christiaens\" data-e-action-hash=\"#elementor-action%3Aaction%3Dlightbox%26settings%3DeyJpZCI6MTU1MSwidXJsIjoiaHR0cHM6XC9cL2FsZXhhbmRyZWNocmlzdGlhZW5zLmNvbVwvd3AtY29udGVudFwvdXBsb2Fkc1wvMjAxOVwvMDZcLzItcmV2ZXItY2VudHJlLXdhbGxvbmllLWJydXhlbGxlcy1wYXJpcy5mcl8yMDE5LmpwZyIsInNsaWRlc2hvdyI6ImM4YWI3ZWEifQ%3D%3D\">\n\t\t\t\t\t<div class=\"e-gallery-image elementor-gallery-item__image\" data-thumbnail=\"https:\/\/alexandrechristiaens.com\/wp-content\/uploads\/2019\/06\/2-rever-centre-wallonie-bruxelles-paris.fr_2019-1024x683.jpg\" data-width=\"1024\" data-height=\"683\" aria-label=\"\" role=\"img\" ><\/div>\n\t\t\t\t\t\t\t\t\t\t\t<div class=\"elementor-gallery-item__overlay\"><\/div>\n\t\t\t\t\t\t\t\t\t\t\t\t\t\t<\/a>\n\t\t\t\t\t\t\t<a class=\"e-gallery-item elementor-gallery-item elementor-animated-content\" href=\"https:\/\/alexandrechristiaens.com\/wp-content\/uploads\/2019\/06\/2-eaux-vives-peaux-mortes-.espace-photographique-contretype-brx-_2009.jpg\" data-elementor-open-lightbox=\"yes\" data-elementor-lightbox-slideshow=\"c8ab7ea\" data-elementor-lightbox-description=\"eaux vives, peaux mortes, Espace Contretype, Bruxelles, 2009 \u00a9 Alexandre Christiaens\" data-e-action-hash=\"#elementor-action%3Aaction%3Dlightbox%26settings%3DeyJpZCI6MTUzNywidXJsIjoiaHR0cHM6XC9cL2FsZXhhbmRyZWNocmlzdGlhZW5zLmNvbVwvd3AtY29udGVudFwvdXBsb2Fkc1wvMjAxOVwvMDZcLzItZWF1eC12aXZlcy1wZWF1eC1tb3J0ZXMtLmVzcGFjZS1waG90b2dyYXBoaXF1ZS1jb250cmV0eXBlLWJyeC1fMjAwOS5qcGciLCJzbGlkZXNob3ciOiJjOGFiN2VhIn0%3D\">\n\t\t\t\t\t<div class=\"e-gallery-image elementor-gallery-item__image\" data-thumbnail=\"https:\/\/alexandrechristiaens.com\/wp-content\/uploads\/2019\/06\/2-eaux-vives-peaux-mortes-.espace-photographique-contretype-brx-_2009-1024x683.jpg\" data-width=\"1024\" data-height=\"683\" aria-label=\"\" role=\"img\" ><\/div>\n\t\t\t\t\t\t\t\t\t\t\t<div class=\"elementor-gallery-item__overlay\"><\/div>\n\t\t\t\t\t\t\t\t\t\t\t\t\t\t<\/a>\n\t\t\t\t\t\t\t<a class=\"e-gallery-item elementor-gallery-item elementor-animated-content\" href=\"https:\/\/alexandrechristiaens.com\/wp-content\/uploads\/2019\/06\/2-vortex-monos-gallery_2016.jpg\" data-elementor-open-lightbox=\"yes\" data-elementor-lightbox-slideshow=\"c8ab7ea\" data-elementor-lightbox-description=\"Vortex, Monos Gallery, 2016 \u00a9 Alexandre Christiaens\" data-e-action-hash=\"#elementor-action%3Aaction%3Dlightbox%26settings%3DeyJpZCI6MTU0NSwidXJsIjoiaHR0cHM6XC9cL2FsZXhhbmRyZWNocmlzdGlhZW5zLmNvbVwvd3AtY29udGVudFwvdXBsb2Fkc1wvMjAxOVwvMDZcLzItdm9ydGV4LW1vbm9zLWdhbGxlcnlfMjAxNi5qcGciLCJzbGlkZXNob3ciOiJjOGFiN2VhIn0%3D\">\n\t\t\t\t\t<div class=\"e-gallery-image elementor-gallery-item__image\" data-thumbnail=\"https:\/\/alexandrechristiaens.com\/wp-content\/uploads\/2019\/06\/2-vortex-monos-gallery_2016-1024x680.jpg\" data-width=\"1024\" data-height=\"680\" aria-label=\"\" role=\"img\" ><\/div>\n\t\t\t\t\t\t\t\t\t\t\t<div class=\"elementor-gallery-item__overlay\"><\/div>\n\t\t\t\t\t\t\t\t\t\t\t\t\t\t<\/a>\n\t\t\t\t\t<\/div>\n\t\t\t\t\t<\/div>\n\t\t\t\t<\/div>\n\t\t\t\t<\/div>\n\t\t\t\t\t<\/div>\n\t\t\t\t<\/div>\n\t\t\t\t<\/div>\n\t\t","protected":false},"excerpt":{"rendered":"<p>Biography Alexandre Christiaens was born in Brussels in 1962He lives and works in the village of Dave, near Namur in Belgium. On sea and land, he has a number of photographic journeys (Gre\u0300ce, Inde, Chine, Russie, Estonie, Liban, Chili, &#8230;) and residencies to his name. Currently his work remains mainly applied to silver photography b [&hellip;]<\/p>\n","protected":false},"author":1,"featured_media":0,"parent":0,"menu_order":0,"comment_status":"closed","ping_status":"closed","template":"","meta":{"site-sidebar-layout":"default","site-content-layout":"","ast-site-content-layout":"default","site-content-style":"default","site-sidebar-style":"default","ast-global-header-display":"","ast-banner-title-visibility":"","ast-main-header-display":"","ast-hfb-above-header-display":"","ast-hfb-below-header-display":"","ast-hfb-mobile-header-display":"","site-post-title":"","ast-breadcrumbs-content":"","ast-featured-img":"","footer-sml-layout":"","ast-disable-related-posts":"","theme-transparent-header-meta":"","adv-header-id-meta":"","stick-header-meta":"","header-above-stick-meta":"","header-main-stick-meta":"","header-below-stick-meta":"","astra-migrate-meta-layouts":"default","ast-page-background-enabled":"default","ast-page-background-meta":{"desktop":{"background-color":"","background-image":"","background-repeat":"repeat","background-position":"center center","background-size":"auto","background-attachment":"scroll","background-type":"","background-media":"","overlay-type":"","overlay-color":"","overlay-opacity":"","overlay-gradient":""},"tablet":{"background-color":"","background-image":"","background-repeat":"repeat","background-position":"center center","background-size":"auto","background-attachment":"scroll","background-type":"","background-media":"","overlay-type":"","overlay-color":"","overlay-opacity":"","overlay-gradient":""},"mobile":{"background-color":"","background-image":"","background-repeat":"repeat","background-position":"center center","background-size":"auto","background-attachment":"scroll","background-type":"","background-media":"","overlay-type":"","overlay-color":"","overlay-opacity":"","overlay-gradient":""}},"ast-content-background-meta":{"desktop":{"background-color":"var(--ast-global-color-5)","background-image":"","background-repeat":"repeat","background-position":"center center","background-size":"auto","background-attachment":"scroll","background-type":"","background-media":"","overlay-type":"","overlay-color":"","overlay-opacity":"","overlay-gradient":""},"tablet":{"background-color":"var(--ast-global-color-5)","background-image":"","background-repeat":"repeat","background-position":"center center","background-size":"auto","background-attachment":"scroll","background-type":"","background-media":"","overlay-type":"","overlay-color":"","overlay-opacity":"","overlay-gradient":""},"mobile":{"background-color":"var(--ast-global-color-5)","background-image":"","background-repeat":"repeat","background-position":"center center","background-size":"auto","background-attachment":"scroll","background-type":"","background-media":"","overlay-type":"","overlay-color":"","overlay-opacity":"","overlay-gradient":""}},"footnotes":"","_links_to":"","_links_to_target":""},"class_list":["post-1139","page","type-page","status-publish","hentry"],"_links":{"self":[{"href":"https:\/\/alexandrechristiaens.com\/en\/wp-json\/wp\/v2\/pages\/1139","targetHints":{"allow":["GET"]}}],"collection":[{"href":"https:\/\/alexandrechristiaens.com\/en\/wp-json\/wp\/v2\/pages"}],"about":[{"href":"https:\/\/alexandrechristiaens.com\/en\/wp-json\/wp\/v2\/types\/page"}],"author":[{"embeddable":true,"href":"https:\/\/alexandrechristiaens.com\/en\/wp-json\/wp\/v2\/users\/1"}],"replies":[{"embeddable":true,"href":"https:\/\/alexandrechristiaens.com\/en\/wp-json\/wp\/v2\/comments?post=1139"}],"version-history":[{"count":21,"href":"https:\/\/alexandrechristiaens.com\/en\/wp-json\/wp\/v2\/pages\/1139\/revisions"}],"predecessor-version":[{"id":4558,"href":"https:\/\/alexandrechristiaens.com\/en\/wp-json\/wp\/v2\/pages\/1139\/revisions\/4558"}],"wp:attachment":[{"href":"https:\/\/alexandrechristiaens.com\/en\/wp-json\/wp\/v2\/media?parent=1139"}],"curies":[{"name":"wp","href":"https:\/\/api.w.org\/{rel}","templated":true}]}}